{"id":2282,"date":"2025-06-26T11:26:17","date_gmt":"2025-06-26T09:26:17","guid":{"rendered":"https:\/\/deinewahl.it\/?page_id=2282"},"modified":"2025-07-29T10:25:39","modified_gmt":"2025-07-29T08:25:39","slug":"startseite-referendum","status":"publish","type":"page","link":"https:\/\/deinewahl.it\/it\/startseite-referendum\/","title":{"rendered":"Referendum 2025"},"content":{"rendered":"<figure class=\"wp-block-image alignleft size-full\"><img loading=\"lazy\" decoding=\"async\" width=\"5000\" height=\"1667\" src=\"https:\/\/deinewahl.it\/wp-content\/uploads\/2025\/05\/Header-deinewahl-11.png\" alt=\"\" class=\"wp-image-2300\" srcset=\"https:\/\/deinewahl.it\/wp-content\/uploads\/2025\/05\/Header-deinewahl-11.png 4250w, https:\/\/deinewahl.it\/wp-content\/uploads\/2025\/05\/Header-deinewahl-11-300x100.png 300w, https:\/\/deinewahl.it\/wp-content\/uploads\/2025\/05\/Header-deinewahl-11-1024x341.png 1024w, https:\/\/deinewahl.it\/wp-content\/uploads\/2025\/05\/Header-deinewahl-11-768x256.png 768w, https:\/\/deinewahl.it\/wp-content\/uploads\/2025\/05\/Header-deinewahl-11-1536x512.png 1536w, https:\/\/deinewahl.it\/wp-content\/uploads\/2025\/05\/Header-deinewahl-11-2048x683.png 2048w, https:\/\/deinewahl.it\/wp-content\/uploads\/2025\/05\/Header-deinewahl-11-18x6.png 18w\" sizes=\"auto, (max-width: 5000px) 100vw, 5000px\" \/><\/figure>\n\n\n\n<p><\/p>\n\n\n\n<p><\/p>\n\n\n\n<div style=\"height:31px\" aria-hidden=\"true\" class=\"wp-block-spacer\"><\/div>\n\n\n\n<p class=\"has-text-align-left\">Domenica <strong>8 e luned\u00ec 9 giugno 2025<\/strong> si \u00e8 svolto in Italia un referendum.<\/p>\n\n\n\n<p>Con questa consultazione popolare si \u00e8 votato su cinque quesiti: quattro riguardavano il tema del lavoro e uno il tema della cittadinanza.<\/p>\n\n\n\n<p>Per ogni quesito si riceveva una scheda elettorale distinta. Si trattava dei diritti del\/la lavoratore\/ lavoratrice, della sicurezza sul lavoro e della cittadinanza.<\/p>\n\n\n\n<p class=\"has-text-align-left\">Questa forma di democrazia diretta \u00e8 uno strumento fondamentale che permette a cittadine e cittadini di partecipare attivamente alla vita politica e di contribuire a modellare la societ\u00e0.<\/p>\n\n\n\n<p class=\"has-text-align-left\">Qui puoi rileggere tutte le informazioni \u2b07\ufe0f<\/p>\n\n\n\n<p><\/p>\n\n\n\n<div class=\"wp-block-columns is-layout-flex wp-container-core-columns-is-layout-1 wp-block-columns-is-layout-flex\">\n<div class=\"wp-block-column is-layout-flow wp-block-column-is-layout-flow\">\n<div class=\"wp-block-cover\"><span aria-hidden=\"true\" class=\"wp-block-cover__background has-custom-logo-blau-background-color has-background-dim-100 has-background-dim\"><\/span><div class=\"wp-block-cover__inner-container is-layout-constrained wp-block-cover-is-layout-constrained\">\n<h2 class=\"wp-block-heading has-text-align-center has-custom-logo-orange-color has-text-color has-link-color wp-elements-87a49a84a8fe39a5d4431b9cf9d8af6f\">Che cos'\u00e8 un referendum abrogativo?<\/h2>\n\n\n\n<p class=\"has-text-align-center has-white-color has-text-color has-link-color has-normal-font-size wp-elements-140691903a7920b542db6221c41d9f2f\">Il referendum dell\u20198 e 9 giugno era un referendum abrogativo.<\/p>\n\n\n\n<p class=\"has-text-align-center has-white-color has-text-color has-link-color has-normal-font-size wp-elements-3deb6add18611e126c8b2059398c291c\">Significa che era una consultazione popolare che poteva <strong>abolire in tutto o in parte una o pi\u00f9 leggi<\/strong> esistenti.<\/p>\n\n\n\n<p class=\"has-text-align-center has-custom-hintergrund-color has-text-color has-link-color wp-elements-ce992eeb8b6c7db91d09bf853858af0e\">Es ging also nicht darum, ein neues Gesetz zu machen, sondern ein bestehendes aufzuheben.<\/p>\n<\/div><\/div>\n<\/div>\n\n\n\n<div class=\"wp-block-column is-layout-flow wp-block-column-is-layout-flow\">\n<div class=\"wp-block-cover is-light\"><span aria-hidden=\"true\" class=\"wp-block-cover__background has-custom-logo-orange-background-color has-background-dim-100 has-background-dim\"><\/span><div class=\"wp-block-cover__inner-container is-layout-constrained wp-block-cover-is-layout-constrained\">\n<h2 class=\"wp-block-heading has-text-align-center has-custom-logo-blau-color has-text-color has-link-color wp-elements-7b19e1382ca6e91e39e34177a6108143\"><strong>Quando \u00e8 valido il referendum?<\/strong><\/h2>\n\n\n\n<p class=\"has-text-align-center has-raft-bg-color has-text-color has-link-color wp-elements-c9757a06cc343739c5ef1cd92dadf3fa\">L'elezione \u00e8 valida solo se pi\u00f9 della met\u00e0 degli aventi diritto al voto esprime il proprio voto \u2013 <strong>cio\u00e8 il 50% pi\u00f9 una persona.<\/strong><\/p>\n\n\n\n<p class=\"has-text-align-center has-white-color has-text-color has-link-color wp-elements-bd567e41ae865257996f996825ef604e\">Questo requisito minimo di partecipazione si chiama <strong>quorum.<\/strong>.<\/p>\n\n\n\n<p class=\"has-text-align-center has-raft-bg-color has-text-color has-link-color wp-elements-caa533c417ec6226d96c686344aa39fe\">Se non si raggiunge il quorum, il referendum <strong>non sar\u00e0 valido<\/strong> e le leggi esistenti rimarranno in vigore.<\/p>\n<\/div><\/div>\n<\/div>\n<\/div>\n\n\n\n<h2 class=\"wp-block-heading\">Come si \u00e8 votato?<\/h2>\n\n\n\n<p>Al referendum si ricevevano <strong>cinque schede di colore diverso,<\/strong> una per ogni quesito.<\/p>\n\n\n\n<p>Su ciascuna scheda era riportata la relativa domanda e, sotto, due caselle:<\/p>\n\n\n\n<div class=\"wp-block-columns is-layout-flex wp-container-core-columns-is-layout-2 wp-block-columns-is-layout-flex\">\n<div class=\"wp-block-column is-layout-flow wp-block-column-is-layout-flow\">\n<figure class=\"wp-block-image aligncenter size-large is-resized\"><img loading=\"lazy\" decoding=\"async\" width=\"1024\" height=\"1024\" src=\"https:\/\/deinewahl.it\/wp-content\/uploads\/2025\/05\/2-1024x1024.png\" alt=\"\" class=\"wp-image-2286\" style=\"width:185px\" srcset=\"https:\/\/deinewahl.it\/wp-content\/uploads\/2025\/05\/2-1024x1024.png 1024w, https:\/\/deinewahl.it\/wp-content\/uploads\/2025\/05\/2-300x300.png 300w, https:\/\/deinewahl.it\/wp-content\/uploads\/2025\/05\/2-150x150.png 150w, https:\/\/deinewahl.it\/wp-content\/uploads\/2025\/05\/2-768x768.png 768w, https:\/\/deinewahl.it\/wp-content\/uploads\/2025\/05\/2-12x12.png 12w, https:\/\/deinewahl.it\/wp-content\/uploads\/2025\/05\/2.png 1080w\" sizes=\"auto, (max-width: 1024px) 100vw, 1024px\" \/><\/figure>\n\n\n\n<p class=\"has-text-align-center\"><strong>Votando \u201cS\u00cc\u201d, si \u00e8 a favore dell\u2019abrogazione del decreto indicato.<\/strong><\/p>\n<\/div>\n\n\n\n<div class=\"wp-block-column is-layout-flow wp-block-column-is-layout-flow\">\n<figure class=\"wp-block-image aligncenter size-large is-resized\"><img loading=\"lazy\" decoding=\"async\" width=\"1024\" height=\"1024\" src=\"https:\/\/deinewahl.it\/wp-content\/uploads\/2025\/05\/3-1024x1024.png\" alt=\"\" class=\"wp-image-2287\" style=\"width:185px;height:auto\" srcset=\"https:\/\/deinewahl.it\/wp-content\/uploads\/2025\/05\/3-1024x1024.png 1024w, https:\/\/deinewahl.it\/wp-content\/uploads\/2025\/05\/3-300x300.png 300w, https:\/\/deinewahl.it\/wp-content\/uploads\/2025\/05\/3-150x150.png 150w, https:\/\/deinewahl.it\/wp-content\/uploads\/2025\/05\/3-768x768.png 768w, https:\/\/deinewahl.it\/wp-content\/uploads\/2025\/05\/3-12x12.png 12w, https:\/\/deinewahl.it\/wp-content\/uploads\/2025\/05\/3.png 1080w\" sizes=\"auto, (max-width: 1024px) 100vw, 1024px\" \/><\/figure>\n\n\n\n<p class=\"has-text-align-center\"><strong>Votando \u201cNO\u201d, si vuole che la legge attuale rimanga in vigore.<\/strong><\/p>\n<\/div>\n<\/div>\n\n\n\n<p>Non era obbligatorio votare su tutte le domande del referendum: si potevano anche accettare solo alcune schede.<\/p>\n\n\n\n<div class=\"wp-block-cover\" style=\"min-height:390px;aspect-ratio:unset;\" id=\"ref-podcast\"><span aria-hidden=\"true\" class=\"wp-block-cover__background has-custom-logo-blau-background-color has-background-dim-100 has-background-dim\"><\/span><div class=\"wp-block-cover__inner-container is-layout-constrained wp-block-cover-is-layout-constrained\">\n<div class=\"wp-block-columns is-layout-flex wp-container-core-columns-is-layout-3 wp-block-columns-is-layout-flex\">\n<div class=\"wp-block-column is-layout-flow wp-block-column-is-layout-flow\">\n<div style=\"height:101px\" aria-hidden=\"true\" class=\"wp-block-spacer\"><\/div>\n\n\n\n<h2 class=\"wp-block-heading has-text-align-center has-raft-bg-color has-text-color has-link-color wp-elements-920ea5c984a6b2fcfe2db139503f929e\"><strong>Consiglio d\u2019ascolto!<\/strong><\/h2>\n\n\n\n<h4 class=\"wp-block-heading has-text-align-center has-raft-bg-color has-text-color has-link-color wp-elements-790f57d9b159c5e906363e1cf8701712\">Italopolitisch Ep. 19 \u2013 sul referendum dell\u20198 e 9 giugno (lingua tedesca)<\/h4>\n\n\n\n<figure class=\"wp-block-embed is-type-rich is-provider-spotify wp-block-embed-spotify wp-embed-aspect-21-9 wp-has-aspect-ratio\"><div class=\"wp-block-embed__wrapper\">\n<iframe title=\"Spotify Embed: Ep. 19 \u2013 Nur Referenden, keine anderen Geschichten\" style=\"border-radius: 12px\" width=\"100%\" height=\"152\" frameborder=\"0\" allowfullscreen allow=\"autoplay; clipboard-write; encrypted-media; fullscreen; picture-in-picture\" loading=\"lazy\" src=\"https:\/\/open.spotify.com\/embed\/episode\/6EnYiButH10qaBDlQTM6xC?si=E6_SD6McS_Omw7eZk6OLPg&#038;utm_source=oembed\"><\/iframe>\n<\/div><\/figure>\n\n\n\n<div style=\"height:56px\" aria-hidden=\"true\" class=\"wp-block-spacer\"><\/div>\n<\/div>\n<\/div>\n<\/div><\/div>\n\n\n\n<h2 class=\"wp-block-heading ergebnisse\">RISULTATO: <strong>Referendum senza quorum<\/strong><\/h2>\n\n\n\n<div class=\"wp-block-columns is-layout-flex wp-container-core-columns-is-layout-4 wp-block-columns-is-layout-flex\">\n<div class=\"wp-block-column is-layout-flow wp-block-column-is-layout-flow\" style=\"flex-basis:33.33%\">\n<figure class=\"wp-block-image size-large\"><img loading=\"lazy\" decoding=\"async\" width=\"1024\" height=\"1024\" src=\"https:\/\/deinewahl.it\/wp-content\/uploads\/2025\/05\/Allgemeine-Posts-1024x1024.png\" alt=\"\" class=\"wp-image-2299\" srcset=\"https:\/\/deinewahl.it\/wp-content\/uploads\/2025\/05\/Allgemeine-Posts-1024x1024.png 1024w, https:\/\/deinewahl.it\/wp-content\/uploads\/2025\/05\/Allgemeine-Posts-300x300.png 300w, https:\/\/deinewahl.it\/wp-content\/uploads\/2025\/05\/Allgemeine-Posts-150x150.png 150w, https:\/\/deinewahl.it\/wp-content\/uploads\/2025\/05\/Allgemeine-Posts-768x768.png 768w, https:\/\/deinewahl.it\/wp-content\/uploads\/2025\/05\/Allgemeine-Posts-12x12.png 12w, https:\/\/deinewahl.it\/wp-content\/uploads\/2025\/05\/Allgemeine-Posts.png 1080w\" sizes=\"auto, (max-width: 1024px) 100vw, 1024px\" \/><\/figure>\n<\/div>\n\n\n\n<div class=\"wp-block-column is-layout-flow wp-block-column-is-layout-flow\" style=\"flex-basis:66.66%\">\n<p>Il referendum \u00e8 valido solo se pi\u00f9 della met\u00e0 degli aventi diritto al voto esprime il proprio voto \u2013\u00a0cio\u00e8 il 50% pi\u00f9 una persona. Questo quorum non \u00e8 stato raggiunto \u2013 quindi il referendum non \u00e8 valido.<\/p>\n\n\n\n<p>In tutta Italia ha votato circa il 30 % \u2013 in Alto Adige addirittura solo il 16 %.<\/p>\n\n\n\n<p>I risultati trovi sul sito nazionale <a href=\"https:\/\/elezioni.interno.gov.it\/\" target=\"_blank\" rel=\"noreferrer noopener\">Eligendo<\/a>.<\/p>\n\n\n\n<div class=\"wp-block-buttons is-layout-flex wp-block-buttons-is-layout-flex\">\n<div class=\"wp-block-button\"><a class=\"wp-block-button__link has-custom-logo-blau-background-color has-background wp-element-button\" href=\"https:\/\/elezioni.interno.gov.it\/\" target=\"_blank\" rel=\"noreferrer noopener\">I risultati<\/a><\/div>\n<\/div>\n\n\n\n<p>Se si guardano solo i risultati delle votazioni, i favorevoli alle modifiche legislative avrebbero vinto: oltre <strong>l'84 % ha votato a favore delle modifiche al diritto del lavoro e il 60 % era favorevole ad ottenere la cittadinanza in tempi pi\u00f9 rapidi.<\/strong><\/p>\n<\/div>\n<\/div>\n\n\n\n<p><\/p>\n\n\n\n<h2 class=\"wp-block-heading\" id=\"-worumgehts\">Di cosa si trattava?<\/h2>\n\n\n\n<p>Si poteva votare per l\u2019abrogazione dei seguenti cinque punti:<\/p>\n\n\n\n<h3 class=\"wp-block-heading\"><strong>Scheda di colore verde<\/strong><\/h3>\n\n\n\n<h4 class=\"wp-block-heading\">Contratti di lavoro a tutele crescenti \u2013 Disciplina dei licenziamenti illegittimi: Abrogazione<\/h4>\n\n\n\n<div class=\"wp-block-columns is-layout-flex wp-container-core-columns-is-layout-6 wp-block-columns-is-layout-flex\">\n<div class=\"wp-block-column is-layout-flow wp-block-column-is-layout-flow\" style=\"flex-basis:33.33%\">\n<figure class=\"wp-block-image size-large\"><img loading=\"lazy\" decoding=\"async\" width=\"1080\" height=\"1080\" src=\"https:\/\/deinewahl.it\/wp-content\/uploads\/2025\/05\/9.png\" alt=\"\" class=\"wp-image-2416\" srcset=\"https:\/\/deinewahl.it\/wp-content\/uploads\/2025\/05\/9.png 1080w, https:\/\/deinewahl.it\/wp-content\/uploads\/2025\/05\/9-300x300.png 300w, https:\/\/deinewahl.it\/wp-content\/uploads\/2025\/05\/9-1024x1024.png 1024w, https:\/\/deinewahl.it\/wp-content\/uploads\/2025\/05\/9-150x150.png 150w, https:\/\/deinewahl.it\/wp-content\/uploads\/2025\/05\/9-768x768.png 768w, https:\/\/deinewahl.it\/wp-content\/uploads\/2025\/05\/9-12x12.png 12w\" sizes=\"auto, (max-width: 1080px) 100vw, 1080px\" \/><\/figure>\n<\/div>\n\n\n\n<div class=\"wp-block-column is-layout-flow wp-block-column-is-layout-flow\" style=\"flex-basis:66.66%\">\n<p><strong>Di cosa si tratta:<\/strong><br>Nelle aziende con pi\u00f9 di 15 dipendenti, in caso di licenziamento illegittimo, \u00e8 previsto solo un risarcimento economico, ma non il diritto al reintegro nel posto di lavoro.<\/p>\n\n\n\n<p><strong>Cosa succede se vince il S\u00cc?<\/strong>:<br>Se vince il S\u00cc, verr\u00e0 abrogato il decreto attuale e le imprese potrebbero essere obbligate a reinserire il lavoratore\/lavoratrice in caso di licenziamento illegittimo.<\/p>\n\n\n\n<div class=\"wp-block-columns is-layout-flex wp-container-core-columns-is-layout-5 wp-block-columns-is-layout-flex\">\n<div class=\"wp-block-column is-layout-flow wp-block-column-is-layout-flow\">\n<details class=\"wp-block-details is-layout-flow wp-block-details-is-layout-flow\"><summary>Argomenti a favore del S\u00cc<\/summary>\n<p>Il diritto al reintegro dopo un licenziamento ingiustificato \u00e8 considerato una tutela fondamentale per i lavoratori e le lavoratrici.\nSenza questo diritto, secondo loro, le persone potrebbero essere licenziate troppo facilmente.\nIl solo risarcimento economico viene ritenuto insufficiente.&nbsp;<\/p>\n<\/details>\n<\/div>\n\n\n\n<div class=\"wp-block-column is-layout-flow wp-block-column-is-layout-flow\">\n<details class=\"wp-block-details is-layout-flow wp-block-details-is-layout-flow\"><summary>Argomenti a favore del NO<\/summary>\n<p>Secondo chi vota NO, una maggiore flessibilit\u00e0 nei licenziamenti incentiva le imprese ad assumere pi\u00f9 persone con contratti a tempo indeterminato, evitando cos\u00ec condizioni lavorative precarie.\nIl risarcimento economico viene considerato una tutela adeguata.<br>Inoltre, l\u2019attuale sistema allinea l\u2019Italia agli standard europei.<\/p>\n<\/details>\n<\/div>\n<\/div>\n\n\n\n<details class=\"wp-block-details is-layout-flow wp-block-details-is-layout-flow\"><summary>Formulazione della domanda sulla scheda elettorale<\/summary>\n<p><em>Volete voi l\u2019abrogazione del d.lgs. 4 marzo 2015, n. 23, come modificato dal d.l. 12 luglio 2018, n. 87, convertito con modificazioni dalla L. 9 agosto 2018, n. 96, dalla sentenza della Corte costituzionale 26 settembre 2018, n. 194,\ndalla legge 30 dicembre 2018, n. 145; dal d.lgs. 12 gennaio 2019, n. 14, dal d.l. 8 aprile 2020, n. 23, convertito con modificazioni dalla L. 5 giugno 2020, n. 40; dalla sentenza della Corte costituzionale 24 giugno 2020, n. 150; dal d.l.\n24 agosto 2021, n. 118, convertito con modificazioni dalla L. 21 ottobre 2021, n. 147; dal d.l. 30 aprile 2022, n. 36, convertito con modificazioni dalla L. 29 giugno 2022, n. 79 (in G.U. 29\/06\/2022, n. 150); dalla sentenza della Corte costituzionale 23 gennaio 2024, n. 22; dalla sentenza della Corte costituzionale del 4 giugno 2024, n. 128, recante \u201cDisposizioni in materia di contratto di lavoro a tempo indeterminato a tutele crescenti, in attuazione della legge 10 dicembre 2014, n. 183\u201d nella sua interezza? <\/em>&nbsp;<\/p>\n<\/details>\n\n\n\n<div class=\"wp-block-buttons is-layout-flex wp-block-buttons-is-layout-flex\">\n<div class=\"wp-block-button\"><a class=\"wp-block-button__link has-custom-logo-blau-background-color has-background wp-element-button\" href=\"https:\/\/dait.interno.gov.it\/documenti\/referendum-2025-fac-simile-scheda-elettorale-naz-quesito-1.pdf\" target=\"_blank\" rel=\"noreferrer noopener\">FAC-Simile<\/a><\/div>\n<\/div>\n<\/div>\n\n\n\n<div class=\"wp-block-column is-layout-flow wp-block-column-is-layout-flow\"><\/div>\n<\/div>\n\n\n\n<h3 class=\"wp-block-heading\"><strong>Scheda di colore arancione<\/strong><\/h3>\n\n\n\n<h4 class=\"wp-block-heading\">Piccole imprese \u2013 Licenziamenti e indennit\u00e0 previste: abrogazione parziale<\/h4>\n\n\n\n<div class=\"wp-block-columns is-layout-flex wp-container-core-columns-is-layout-8 wp-block-columns-is-layout-flex\">\n<div class=\"wp-block-column is-layout-flow wp-block-column-is-layout-flow\" style=\"flex-basis:33.33%\">\n<figure class=\"wp-block-image size-large\"><img loading=\"lazy\" decoding=\"async\" width=\"1024\" height=\"1024\" src=\"https:\/\/deinewahl.it\/wp-content\/uploads\/2025\/05\/10.png\" alt=\"\" class=\"wp-image-2417\" srcset=\"https:\/\/deinewahl.it\/wp-content\/uploads\/2025\/05\/10.png 1080w, https:\/\/deinewahl.it\/wp-content\/uploads\/2025\/05\/10-300x300.png 300w, https:\/\/deinewahl.it\/wp-content\/uploads\/2025\/05\/10-1024x1024.png 1024w, https:\/\/deinewahl.it\/wp-content\/uploads\/2025\/05\/10-150x150.png 150w, https:\/\/deinewahl.it\/wp-content\/uploads\/2025\/05\/10-768x768.png 768w, https:\/\/deinewahl.it\/wp-content\/uploads\/2025\/05\/10-12x12.png 12w\" sizes=\"auto, (max-width: 1024px) 100vw, 1024px\" \/><\/figure>\n<\/div>\n\n\n\n<div class=\"wp-block-column is-layout-flow wp-block-column-is-layout-flow\" style=\"flex-basis:66.66%\">\n<p><strong>Di cosa si tratta:<\/strong><br>Attualmente, in caso di licenziamento ingiustificato in una piccola impresa (con meno di 15 dipendenti), la legge prevede un indennizzo minimo e massimo stabilito, ma non il reintegro.<\/p>\n\n\n\n<p><strong>Cosa succede se vince il S\u00cc?<\/strong>:<br>Se vince il S\u00cc, verr\u00e0 parzialmente abrogata la norma che fissa limiti precisi all\u2019indennizzo nei casi di licenziamento illegittimo.\nI giudici avrebbero maggiore libert\u00e0 nel decidere l'importo dell\u2019indennit\u00e0 caso per caso.<\/p>\n\n\n\n<div class=\"wp-block-columns is-layout-flex wp-container-core-columns-is-layout-7 wp-block-columns-is-layout-flex\">\n<div class=\"wp-block-column is-layout-flow wp-block-column-is-layout-flow\">\n<details class=\"wp-block-details is-layout-flow wp-block-details-is-layout-flow\"><summary>Argomenti a favore del S\u00cc<\/summary>\n<p>Secondo i sostenitori del S\u00cc, ogni lavoratore e lavoratrice, indipendentemente dalla dimensione dell\u2019azienda, merita una tutela adeguata.<br>La possibilit\u00e0 di adeguare l\u2019indennizzo alla singola situazione<br>garantirebbe maggiore giustizia ed equit\u00e0.<\/p>\n<\/details>\n<\/div>\n\n\n\n<div class=\"wp-block-column is-layout-flow wp-block-column-is-layout-flow\">\n<details class=\"wp-block-details is-layout-flow wp-block-details-is-layout-flow\"><summary>Argomenti a favore del NO<\/summary>\n<p>Chi vota NO ritiene che le piccole imprese abbiano bisogno di regole pi\u00f9 semplici e prevedibili per poter operare con stabilit\u00e0.\nLa legge attuale assicura una compensazione chiara e proporzionata e consente alle imprese di gestire con pi\u00f9 sicurezza il rischio legato ai licenziamenti.<\/p>\n<\/details>\n<\/div>\n<\/div>\n\n\n\n<details class=\"wp-block-details is-layout-flow wp-block-details-is-layout-flow\"><summary>Formulazione della domanda sulla scheda elettorale<\/summary>\n<p><em>Volete voi l\u2019abrogazione dell\u2019articolo 8 della legge 15 luglio 1966, n. 604, recante \u201cNorme sui licenziamenti individuali\u201d , come sostituito dall\u2019art. 2, comma 3, della legge 11 maggio 1990, n. 108, limitatamente alle parole: \u201ccompreso tra un\u201d , alle parole \u201ced un massimo di 6\u201d e alle parole \u201cLa misura massima della predetta indennit\u00e0 pu\u00f2 essere maggiorata fino a 10 mensilit\u00e0 per il prestatore di lavoro con anzianit\u00e0 superiore ai dieci anni e fino a 14 mensilit\u00e0 per il prestatore di lavoro con anzianit\u00e0 superiore ai venti anni, se dipendenti da datore di lavoro che occupa pi\u00f9 di quindici prestatori di lavoro.\u201d?<\/em><\/p>\n<\/details>\n\n\n\n<div class=\"wp-block-buttons is-layout-flex wp-block-buttons-is-layout-flex\">\n<div class=\"wp-block-button\"><a class=\"wp-block-button__link has-custom-logo-blau-background-color has-background wp-element-button\" href=\"https:\/\/dait.interno.gov.it\/documenti\/referendum-2025-fac-simile-scheda-elettorale-naz-quesito-2.pdf\" target=\"_blank\" rel=\"noreferrer noopener\">FAC-Simile<\/a><\/div>\n<\/div>\n<\/div>\n\n\n\n<div class=\"wp-block-column is-layout-flow wp-block-column-is-layout-flow\"><\/div>\n<\/div>\n\n\n\n<h3 class=\"wp-block-heading\"><strong>Scheda di colore grigio<\/strong><\/h3>\n\n\n\n<h4 class=\"wp-block-heading\">Contratti a termine \u2013 Durata massima e condizioni per rinnovi e proroghe: abrogazione parziale<\/h4>\n\n\n\n<div class=\"wp-block-columns is-layout-flex wp-container-core-columns-is-layout-10 wp-block-columns-is-layout-flex\">\n<div class=\"wp-block-column is-layout-flow wp-block-column-is-layout-flow\" style=\"flex-basis:33.33%\">\n<figure class=\"wp-block-image size-large\"><img loading=\"lazy\" decoding=\"async\" width=\"1024\" height=\"1024\" src=\"https:\/\/deinewahl.it\/wp-content\/uploads\/2025\/05\/11.png\" alt=\"\" class=\"wp-image-2418\" srcset=\"https:\/\/deinewahl.it\/wp-content\/uploads\/2025\/05\/11.png 1080w, https:\/\/deinewahl.it\/wp-content\/uploads\/2025\/05\/11-300x300.png 300w, https:\/\/deinewahl.it\/wp-content\/uploads\/2025\/05\/11-1024x1024.png 1024w, https:\/\/deinewahl.it\/wp-content\/uploads\/2025\/05\/11-150x150.png 150w, https:\/\/deinewahl.it\/wp-content\/uploads\/2025\/05\/11-768x768.png 768w, https:\/\/deinewahl.it\/wp-content\/uploads\/2025\/05\/11-12x12.png 12w\" sizes=\"auto, (max-width: 1024px) 100vw, 1024px\" \/><\/figure>\n<\/div>\n\n\n\n<div class=\"wp-block-column is-layout-flow wp-block-column-is-layout-flow\" style=\"flex-basis:66.66%\">\n<p><strong>Di cosa si tratta:<\/strong><br>Aktuell k\u00f6nnen Unternehmen befristete Arbeitsvertr\u00e4ge frei vergeben, ohne einen Grund daf\u00fcr nennen zu m\u00fcssen.<\/p>\n\n\n\n<p><strong>Cosa succede se vince il S\u00cc?<\/strong>:<br>Se vince il S\u00cc, le imprese dovranno giustificare la motivazione per cui stipulano un contratto a termine inferiore a 12 mesi.\nQuesto renderebbe pi\u00f9 difficile l\u2019uso ingiustificato di contratti temporanei.<\/p>\n\n\n\n<div class=\"wp-block-columns is-layout-flex wp-container-core-columns-is-layout-9 wp-block-columns-is-layout-flex\">\n<div class=\"wp-block-column is-layout-flow wp-block-column-is-layout-flow\">\n<details class=\"wp-block-details is-layout-flow wp-block-details-is-layout-flow\"><summary>Argomenti a favore del S\u00cc<\/summary>\n<p>Die Verpflichtung zur Angabe von Gr\u00fcnden w\u00fcrde den Missbrauch befristeter Arbeitsvertr\u00e4ge einschr\u00e4nken, da diese oft dazu verwendet werden,&nbsp;um dauerhaften Arbeitsbedarf zu decken.<br>Das w\u00fcrde zu&nbsp;mehr Stabilit\u00e4t und Festanstellungen f\u00fchren, denn befristete Vertr\u00e4ge sollten&nbsp;nur in echten Ausnahmesituationen&nbsp;eingesetzt werden.<\/p>\n<\/details>\n<\/div>\n\n\n\n<div class=\"wp-block-column is-layout-flow wp-block-column-is-layout-flow\">\n<details class=\"wp-block-details is-layout-flow wp-block-details-is-layout-flow\"><summary>Argomenti a favore del NO<\/summary>\n<p>Chi vota NO ritiene che l\u2019obbligo di indicare un motivo limiti la flessibilit\u00e0 delle imprese.<br>Questo potrebbe avere come conseguenza un aumento della disoccupazione,\npoich\u00e9 le aziende sarebbero meno propense ad assumere.<\/p>\n<\/details>\n<\/div>\n<\/div>\n\n\n\n<details class=\"wp-block-details is-layout-flow wp-block-details-is-layout-flow\"><summary>Formulazione della domanda sulla scheda elettorale<\/summary>\n<p><em>Volete voi che sia abrogato il d.lgs. 15 giugno 2015, n. 81, avente ad oggetto \u201cDisciplina organica dei contratti di lavoro e revisione della normativa in tema di mansioni, a norma dell\u2019articolo 1, comma 7, della legge 10 dicembre 2014, n. 183\u201d limitatamente alle seguenti parti: Articolo 19, comma 1, limitatamente alle parole \u201cnon superiore a dodici mesi. Il contratto pu\u00f2 avere una durata superiore, ma comunque\u201d , alle parole \u201cin presenza di almeno una delle seguenti condizioni\u201d , alle parole \u201cin assenza delle previsioni di cui alla lettera a), nei contratti collettivi applicati in azienda, e comunque entro il 31 dicembre 2025, per esigenze di natura tecnica, organizzativa e produttiva individuate dalle parti;\u201d e alle parole \u201cb-bis)\u201d; comma 1-bis, limitatamente alle parole \u201cdi durata superiore a dodici mesi\u201d e alle parole \u201cdalla data di superamento del termine di dodici mesi\u201d; comma 4, limitatamente alle parole \u201c , in caso di rinnovo,\u201d e alle parole \u201csolo quando il termine complessivo eccede i dodici mesi\u201d; Articolo 21, comma 01, limitatamente alle parole \u201cliberamente nei primi dodici mesi e, successivamente,\u201d?<\/em><\/p>\n<\/details>\n\n\n\n<div class=\"wp-block-buttons is-layout-flex wp-block-buttons-is-layout-flex\">\n<div class=\"wp-block-button\"><a class=\"wp-block-button__link has-custom-logo-blau-background-color has-background wp-element-button\" href=\"https:\/\/dait.interno.gov.it\/documenti\/referendum-2025-fac-simile-scheda-elettorale-naz-quesito-3.pdf\" target=\"_blank\" rel=\"noreferrer noopener\">FAC-Simile<\/a><\/div>\n<\/div>\n<\/div>\n\n\n\n<div class=\"wp-block-column is-layout-flow wp-block-column-is-layout-flow\"><\/div>\n<\/div>\n\n\n\n<h3 class=\"wp-block-heading\"><strong>Scheda di colore rosso<\/strong><\/h3>\n\n\n\n<h4 class=\"wp-block-heading\">Infortuni sul lavoro \u2013 Responsabilit\u00e0 solidale di appaltatore e subappaltatore: abrogazione<\/h4>\n\n\n\n<div class=\"wp-block-columns is-layout-flex wp-container-core-columns-is-layout-12 wp-block-columns-is-layout-flex\">\n<div class=\"wp-block-column is-layout-flow wp-block-column-is-layout-flow\" style=\"flex-basis:33.33%\">\n<figure class=\"wp-block-image size-large\"><img loading=\"lazy\" decoding=\"async\" width=\"1024\" height=\"1024\" src=\"https:\/\/deinewahl.it\/wp-content\/uploads\/2025\/05\/12.png\" alt=\"\" class=\"wp-image-2419\" srcset=\"https:\/\/deinewahl.it\/wp-content\/uploads\/2025\/05\/12.png 1080w, https:\/\/deinewahl.it\/wp-content\/uploads\/2025\/05\/12-300x300.png 300w, https:\/\/deinewahl.it\/wp-content\/uploads\/2025\/05\/12-1024x1024.png 1024w, https:\/\/deinewahl.it\/wp-content\/uploads\/2025\/05\/12-150x150.png 150w, https:\/\/deinewahl.it\/wp-content\/uploads\/2025\/05\/12-768x768.png 768w, https:\/\/deinewahl.it\/wp-content\/uploads\/2025\/05\/12-12x12.png 12w\" sizes=\"auto, (max-width: 1024px) 100vw, 1024px\" \/><\/figure>\n<\/div>\n\n\n\n<div class=\"wp-block-column is-layout-flow wp-block-column-is-layout-flow\" style=\"flex-basis:66.66%\">\n<p><strong>Di cosa si tratta:<\/strong><br>Attualmente, in caso di infortuni subiti da lavoratori di aziende appaltatrici o subappaltatrici,\nla legge esclude la responsabilit\u00e0 del committente principale.<\/p>\n\n\n\n<p><strong>Cosa succede se vince il S\u00cc?<\/strong>:<br>Se vince il S\u00cc, la responsabilit\u00e0 verr\u00e0 estesa anche al committente.<\/p>\n\n\n\n<div class=\"wp-block-columns is-layout-flex wp-container-core-columns-is-layout-11 wp-block-columns-is-layout-flex\">\n<div class=\"wp-block-column is-layout-flow wp-block-column-is-layout-flow\">\n<details class=\"wp-block-details is-layout-flow wp-block-details-is-layout-flow\"><summary>Argomenti a favore del S\u00cc<\/summary>\n<p>Chi vota S\u00cc sostiene che la possibilit\u00e0 di essere ritenuti responsabili spinger\u00e0 i committenti a scegliere aziende che rispettano gli standard di sicurezza.\nQuesto potrebbe ridurre il numero di incidenti sul lavoro e garantire risarcimenti pi\u00f9 adeguati in caso di danni gravi o mortali.<\/p>\n<\/details>\n<\/div>\n\n\n\n<div class=\"wp-block-column is-layout-flow wp-block-column-is-layout-flow\">\n<details class=\"wp-block-details is-layout-flow wp-block-details-is-layout-flow\"><summary>Argomenti a favore del NO<\/summary>\n<p>Personen die mit &#8222;Nein&#8220; abstimmen, argumentieren damit, dass es nicht fair sei, den Auftraggeber f\u00fcr Risiken haftbar zu machen, die er nicht direkt kontrollieren kann und die zur spezifischen T\u00e4tigkeit des Auftragnehmers geh\u00f6ren.<br>Questa misura potrebbe portare a una riduzione degli appalti, colpendo in particolare le piccole imprese, e causare un aumento dei costi per tutti.<\/p>\n<\/details>\n<\/div>\n<\/div>\n\n\n\n<details class=\"wp-block-details is-layout-flow wp-block-details-is-layout-flow\"><summary>Formulazione della domanda sulla scheda elettorale<\/summary>\n<p><em>Volete voi l\u2019abrogazione dell\u2019art. 26, comma 4, in tema di \u201cObblighi connessi ai contratti d\u2019appalto o d\u2019opera o di somministrazione\u201d , di cui al decreto legislativo 9 aprile 2008, n. 81, recante \u201cAttuazione dell\u2019articolo 1 della legge 3 agosto 2007, n. 123, in materia di tutela della salute e della sicurezza nei luoghi di lavoro\u201d come modificato dall\u2019art. 16 del decreto legislativo 3 agosto 2009, n. 106, dall\u2019art. 32 del decreto legge 21 giugno 2013, n. 69,\nconvertito con modifiche dalla legge 9 agosto 2013, n. 98, nonch\u00e9 dall\u2019art. 13 del decreto legge 21 ottobre 2021, n. 146, convertito con modifiche dalla legge 17 dicembre 2021, n. 215, limitatamente alle parole \u201cLe disposizioni\ndel presente comma non si applicano ai danni conseguenza dei rischi specifici propri dell\u2019attivit\u00e0 delle imprese appaltatrici o subappaltatrici.\u201d?<\/em><\/p>\n<\/details>\n\n\n\n<div class=\"wp-block-buttons is-layout-flex wp-block-buttons-is-layout-flex\">\n<div class=\"wp-block-button\"><a class=\"wp-block-button__link has-custom-logo-blau-background-color has-background wp-element-button\" href=\"https:\/\/dait.interno.gov.it\/documenti\/referendum-2025-fac-simile-scheda-elettorale-naz-quesito-4.pdf\" target=\"_blank\" rel=\"noreferrer noopener\">FAC-Simile<\/a><\/div>\n<\/div>\n<\/div>\n\n\n\n<div class=\"wp-block-column is-layout-flow wp-block-column-is-layout-flow\"><\/div>\n<\/div>\n\n\n\n<h3 class=\"wp-block-heading\"><strong>Scheda di colore giallo<\/strong><\/h3>\n\n\n\n<h4 class=\"wp-block-heading\">Cittadinanza italiana \u2013 Riduzione degli anni di residenza per i cittadini extra-UE: abrogazione<\/h4>\n\n\n\n<div class=\"wp-block-columns is-layout-flex wp-container-core-columns-is-layout-14 wp-block-columns-is-layout-flex\">\n<div class=\"wp-block-column is-layout-flow wp-block-column-is-layout-flow\" style=\"flex-basis:33.33%\">\n<figure class=\"wp-block-image size-large\"><img loading=\"lazy\" decoding=\"async\" width=\"1024\" height=\"1024\" src=\"https:\/\/deinewahl.it\/wp-content\/uploads\/2025\/05\/13.png\" alt=\"\" class=\"wp-image-2420\" srcset=\"https:\/\/deinewahl.it\/wp-content\/uploads\/2025\/05\/13.png 1080w, https:\/\/deinewahl.it\/wp-content\/uploads\/2025\/05\/13-300x300.png 300w, https:\/\/deinewahl.it\/wp-content\/uploads\/2025\/05\/13-1024x1024.png 1024w, https:\/\/deinewahl.it\/wp-content\/uploads\/2025\/05\/13-150x150.png 150w, https:\/\/deinewahl.it\/wp-content\/uploads\/2025\/05\/13-768x768.png 768w, https:\/\/deinewahl.it\/wp-content\/uploads\/2025\/05\/13-12x12.png 12w\" sizes=\"auto, (max-width: 1024px) 100vw, 1024px\" \/><\/figure>\n<\/div>\n\n\n\n<div class=\"wp-block-column is-layout-flow wp-block-column-is-layout-flow\" style=\"flex-basis:66.66%\">\n<p><strong>Di cosa si tratta:<\/strong><br>Chi vuole ottenere la cittadinanza italiana deve attualmente aver vissuto in Italia per almeno 10 anni.<\/p>\n\n\n\n<p><strong>Cosa succede se vince il S\u00cc?<\/strong>:<br>Se vince il S\u00cc, la durata minima di residenza in Italia per richiedere la cittadinanza sar\u00e0 ridotta a 5 anni.\nGli altri requisiti, come la conoscenza della lingua italiana e l\u2019assenza di precedenti penali, rimangono invariati.<\/p>\n\n\n\n<div class=\"wp-block-columns is-layout-flex wp-container-core-columns-is-layout-13 wp-block-columns-is-layout-flex\">\n<div class=\"wp-block-column is-layout-flow wp-block-column-is-layout-flow\">\n<details class=\"wp-block-details is-layout-flow wp-block-details-is-layout-flow\"><summary>Argomenti a favore del S\u00cc<\/summary>\n<p>I sostenitori affermano che in questo modo si potrebbe favorire l\u2019integrazione dei 2,5 milioni di stranieri che lavorano in Italia \u2013 e cinque anni di residenza sarebbero sufficienti per acquisire i requisiti. <br>Inoltre, l\u2019Italia si allineerebbe agli standard europei.<\/p>\n<\/details>\n<\/div>\n\n\n\n<div class=\"wp-block-column is-layout-flow wp-block-column-is-layout-flow\">\n<details class=\"wp-block-details is-layout-flow wp-block-details-is-layout-flow\"><summary>Argomenti a favore del NO<\/summary>\n<p>Le persone che votano \u201cNo\u201d affermano che dieci anni rappresentano un periodo adeguato per l\u2019integrazione.<br>Una riduzione potrebbe causare un aumento eccessivo delle richieste di cittadinanza.<\/p>\n<\/details>\n<\/div>\n<\/div>\n\n\n\n<details class=\"wp-block-details is-layout-flow wp-block-details-is-layout-flow\"><summary>Formulazione della domanda sulla scheda elettorale<\/summary>\n<p><em>Volete voi abrogare l\u2019articolo 9, comma 1, lettera b), limitatamente alle parole \u201cadottato da cittadino italiano\u201d e \u201csuccessivamente alla adozione\u201d; nonch\u00e9 la lettera f), recante la seguente disposizione: \u201cf) allo straniero che risiede legalmente da almeno dieci anni nel territorio della Repubblica.\u201d, della legge 5 febbraio 1992, n. 91, recante \u201cNuove norme sulla cittadinanza\u201d?<\/em><\/p>\n<\/details>\n\n\n\n<div class=\"wp-block-buttons is-layout-flex wp-block-buttons-is-layout-flex\">\n<div class=\"wp-block-button\"><a class=\"wp-block-button__link has-custom-logo-blau-background-color has-background wp-element-button\" href=\"https:\/\/dait.interno.gov.it\/documenti\/referendum-2025-fac-simile-scheda-elettorale-naz-quesito-5.pdf\" target=\"_blank\" rel=\"noreferrer noopener\">FAC-Simile<\/a><\/div>\n<\/div>\n<\/div>\n\n\n\n<div class=\"wp-block-column is-layout-flow wp-block-column-is-layout-flow\"><\/div>\n<\/div>\n\n\n\n<p><\/p>","protected":false},"excerpt":{"rendered":"<p>Am Sonntag, 08.06. und Montag, 09.06.2025 (Feiertag) fand in Italien ein Referendum statt. Dabei wurde per Volksabstimmung \u00fcber f\u00fcnf Fragen entschieden: Vier Fragen zum Thema Arbeit und eine Frage zum Thema Staatsb\u00fcrgerschaft. F\u00fcr jede Frage bekam man einen eigenen Stimmzettel. Es ging um die Rechte der Arbeitnehmer*innen, die Arbeitssicherheit und die Staatsb\u00fcrgerschaft. Diese Art der [&hellip;]<\/p>","protected":false},"author":2,"featured_media":0,"parent":0,"menu_order":0,"comment_status":"closed","ping_status":"closed","template":"","meta":{"_themeisle_gutenberg_block_has_review":false,"footnotes":""},"class_list":["post-2282","page","type-page","status-publish","hentry"],"_links":{"self":[{"href":"https:\/\/deinewahl.it\/it\/wp-json\/wp\/v2\/pages\/2282","targetHints":{"allow":["GET"]}}],"collection":[{"href":"https:\/\/deinewahl.it\/it\/wp-json\/wp\/v2\/pages"}],"about":[{"href":"https:\/\/deinewahl.it\/it\/wp-json\/wp\/v2\/types\/page"}],"author":[{"embeddable":true,"href":"https:\/\/deinewahl.it\/it\/wp-json\/wp\/v2\/users\/2"}],"replies":[{"embeddable":true,"href":"https:\/\/deinewahl.it\/it\/wp-json\/wp\/v2\/comments?post=2282"}],"version-history":[{"count":18,"href":"https:\/\/deinewahl.it\/it\/wp-json\/wp\/v2\/pages\/2282\/revisions"}],"predecessor-version":[{"id":2549,"href":"https:\/\/deinewahl.it\/it\/wp-json\/wp\/v2\/pages\/2282\/revisions\/2549"}],"wp:attachment":[{"href":"https:\/\/deinewahl.it\/it\/wp-json\/wp\/v2\/media?parent=2282"}],"curies":[{"name":"wp","href":"https:\/\/api.w.org\/{rel}","templated":true}]}}