{"id":2477,"date":"2025-06-26T11:13:50","date_gmt":"2025-06-26T09:13:50","guid":{"rendered":"https:\/\/deinewahl.it\/?page_id=2477"},"modified":"2025-08-13T11:25:02","modified_gmt":"2025-08-13T09:25:02","slug":"landtagswahlen2023","status":"publish","type":"page","link":"https:\/\/deinewahl.it\/it\/landtagswahlen2023\/","title":{"rendered":"Elezioni provinciali 2023"},"content":{"rendered":"<figure class=\"wp-block-image aligncenter size-full\"><img loading=\"lazy\" decoding=\"async\" width=\"2880\" height=\"1920\" src=\"https:\/\/deinewahl.it\/wp-content\/uploads\/2025\/07\/Events-und-Allgemeine-Beitragsbilder-Julia-1-1.png\" alt=\"\" class=\"wp-image-2526\" style=\"aspect-ratio:16\/9;object-fit:cover\" srcset=\"https:\/\/deinewahl.it\/wp-content\/uploads\/2025\/07\/Events-und-Allgemeine-Beitragsbilder-Julia-1-1.png 2880w, https:\/\/deinewahl.it\/wp-content\/uploads\/2025\/07\/Events-und-Allgemeine-Beitragsbilder-Julia-1-1-300x200.png 300w, https:\/\/deinewahl.it\/wp-content\/uploads\/2025\/07\/Events-und-Allgemeine-Beitragsbilder-Julia-1-1-1024x683.png 1024w, https:\/\/deinewahl.it\/wp-content\/uploads\/2025\/07\/Events-und-Allgemeine-Beitragsbilder-Julia-1-1-768x512.png 768w, https:\/\/deinewahl.it\/wp-content\/uploads\/2025\/07\/Events-und-Allgemeine-Beitragsbilder-Julia-1-1-1536x1024.png 1536w, https:\/\/deinewahl.it\/wp-content\/uploads\/2025\/07\/Events-und-Allgemeine-Beitragsbilder-Julia-1-1-2048x1365.png 2048w, https:\/\/deinewahl.it\/wp-content\/uploads\/2025\/07\/Events-und-Allgemeine-Beitragsbilder-Julia-1-1-18x12.png 18w\" sizes=\"auto, (max-width: 2880px) 100vw, 2880px\" \/><\/figure>\n\n\n\n<p><\/p>\n\n\n\n<p class=\"has-text-align-left\">Alle elezioni provinciali del 2023 in Alto Adige, le cittadine e i cittadini hanno scelto i membri del nuovo <strong>Consiglio<\/strong> \u2013 l\u2019organo che prende decisioni su leggi, bilancio e temi centrali come istruzione, mobilit\u00e0, ambiente ed economia. Sono stati eletti in totale <strong>35 consiglieri,<\/strong> che per i prossimi cinque anni definiranno la direzione politica dell\u2019Alto Adige.<\/p>\n\n\n\n<p class=\"has-text-align-left\">Tra i temi centrali dell\u2019elezione vi erano <strong>l\u2019autonomia dell\u2019Alto Adige<\/strong>, la <strong>diversit\u00e0 linguistica e culturale<\/strong>, la <strong>carenza di alloggi<\/strong>, la <strong>protezione del clima<\/strong> e lo sviluppo economico del territorio. Molti partiti si sono presentati con nuove idee e programmi per le elezioni del <strong>22 ottobre<\/strong> 2023.<\/p>\n\n\n\n<div class=\"wp-block-buttons is-content-justification-left is-layout-flex wp-container-core-buttons-is-layout-1 wp-block-buttons-is-layout-flex\">\n<div class=\"wp-block-button\"><a class=\"wp-block-button__link has-custom-logo-blau-background-color has-background has-text-align-center wp-element-button\" href=\"https:\/\/assets-eu-01.kc-usercontent.com\/61233281-10ab-0155-b35b-4a79363b5ead\/a8e1f8aa-c48f-4529-b545-98600647dabb\/xvii_legislatura_2023_2028.pdf\">Risultati delle elezioni provinciale 2023<\/a><\/div>\n<\/div>\n\n\n\n<div class=\"wp-block-buttons is-content-justification-left is-layout-flex wp-container-core-buttons-is-layout-2 wp-block-buttons-is-layout-flex\">\n<div class=\"wp-block-button\"><a class=\"wp-block-button__link has-custom-logo-blau-background-color has-background wp-element-button\" href=\"https:\/\/www.landtag-bz.org\/de\/home\">Maggiori informazioni sul Consiglio provinciale dell\u2019Alto Adige<\/a><\/div>\n<\/div>\n\n\n\n<h2 class=\"wp-block-heading has-text-align-left\">Iltuovoto.it ti ha tenuto aggiornato\/a!<\/h2>\n\n\n\n<p class=\"has-text-align-left\">\ud83d\udc49 <strong>Interviste con i\/le candidati\/e<\/strong><br>\ud83d\udc49 <strong>Episodi podcast sulle elezioni<\/strong><br>\ud83d\udc49 <strong>Strumenti per aiutarti a votare<\/strong><br><strong>\ud83d\udc49 Elezioni ombra<br><\/strong>\ud83d\udc49 <strong>Info generali<\/strong><\/p>\n\n\n\n<p class=\"has-text-align-left\">Qui puoi rivedere tutti i contenuti!<\/p>\n\n\n\n<h3 class=\"wp-block-heading\">Video<\/h3>\n\n\n\n<p>Oltre alle informazioni generali e agli strumenti di supporto al voto, \u00e8 stato invitato un\/una candidato\/a di ciascun partito a partecipare a un\u2019intervista video.<\/p>\n\n\n\n<p>Vuoi sapere cosa avevano dichiarato i\/le rappresentanti politici?<\/p>\n\n\n\n<p>Qui puoi rivedere i video:<\/p>\n\n\n\n<div class=\"wp-block-columns is-layout-flex wp-container-core-columns-is-layout-1 wp-block-columns-is-layout-flex\">\n<div class=\"wp-block-column is-layout-flow wp-block-column-is-layout-flow\">\n<figure class=\"wp-block-embed is-type-video is-provider-youtube wp-block-embed-youtube wp-embed-aspect-16-9 wp-has-aspect-ratio\"><div class=\"wp-block-embed__wrapper\">\n<iframe loading=\"lazy\" title=\"Landtagswahlen 2023: Nachgefragt bei Arno Kompatscher, SVP\" width=\"500\" height=\"281\" src=\"https:\/\/www.youtube.com\/embed\/Bw0nDxYIh8Q?feature=oembed\" frameborder=\"0\" allow=\"accelerometer; autoplay; clipboard-write; encrypted-media; gyroscope; picture-in-picture; web-share\" referrerpolicy=\"strict-origin-when-cross-origin\" allowfullscreen><\/iframe>\n<\/div><\/figure>\n\n\n\n<p class=\"has-text-align-center\"><strong>Arno Kompatscher<br><\/strong>SVP<\/p>\n<\/div>\n\n\n\n<div class=\"wp-block-column is-layout-flow wp-block-column-is-layout-flow\">\n<figure class=\"wp-block-embed is-type-video is-provider-youtube wp-block-embed-youtube wp-embed-aspect-16-9 wp-has-aspect-ratio\"><div class=\"wp-block-embed__wrapper\">\n<iframe loading=\"lazy\" title=\"Landtagswahlen 2023: Nachgefragt bei Renate Holzeisen, Vita\" width=\"500\" height=\"281\" src=\"https:\/\/www.youtube.com\/embed\/Ds8Va_TigTU?feature=oembed\" frameborder=\"0\" allow=\"accelerometer; autoplay; clipboard-write; encrypted-media; gyroscope; picture-in-picture; web-share\" referrerpolicy=\"strict-origin-when-cross-origin\" allowfullscreen><\/iframe>\n<\/div><\/figure>\n\n\n\n<p class=\"has-text-align-center\"><strong>Renate Holzeisen<br><\/strong>Vita<\/p>\n<\/div>\n\n\n\n<div class=\"wp-block-column is-layout-flow wp-block-column-is-layout-flow\">\n<figure class=\"wp-block-embed is-type-video is-provider-youtube wp-block-embed-youtube wp-embed-aspect-16-9 wp-has-aspect-ratio\"><div class=\"wp-block-embed__wrapper\">\n<iframe loading=\"lazy\" title=\"Elezioni provinciale 2023: Abbiamo chiesto a Angelo Gennaccaro, La Civica\" width=\"500\" height=\"281\" src=\"https:\/\/www.youtube.com\/embed\/5_1jvsAgO_Q?feature=oembed\" frameborder=\"0\" allow=\"accelerometer; autoplay; clipboard-write; encrypted-media; gyroscope; picture-in-picture; web-share\" referrerpolicy=\"strict-origin-when-cross-origin\" allowfullscreen><\/iframe>\n<\/div><\/figure>\n\n\n\n<p class=\"has-text-align-center\"><strong>Angelo Gennaccaro<br><\/strong>La Civica<\/p>\n<\/div>\n\n\n\n<div class=\"wp-block-column is-layout-flow wp-block-column-is-layout-flow\">\n<figure class=\"wp-block-embed is-type-video is-provider-youtube wp-block-embed-youtube wp-embed-aspect-16-9 wp-has-aspect-ratio\"><div class=\"wp-block-embed__wrapper\">\n<iframe loading=\"lazy\" title=\"Landtagswahlen 2023: Nachgefragt bei Brigitte Foppa, Gr\u00fcne\" width=\"500\" height=\"281\" src=\"https:\/\/www.youtube.com\/embed\/InIJh6Qi45Y?feature=oembed\" frameborder=\"0\" allow=\"accelerometer; autoplay; clipboard-write; encrypted-media; gyroscope; picture-in-picture; web-share\" referrerpolicy=\"strict-origin-when-cross-origin\" allowfullscreen><\/iframe>\n<\/div><\/figure>\n\n\n\n<p class=\"has-text-align-center\"><strong>Brigitte Foppa<br><\/strong>Gr\u00fcnen<\/p>\n<\/div>\n\n\n\n<div class=\"wp-block-column is-layout-flow wp-block-column-is-layout-flow\">\n<figure class=\"wp-block-embed is-type-video is-provider-youtube wp-block-embed-youtube wp-embed-aspect-16-9 wp-has-aspect-ratio\"><div class=\"wp-block-embed__wrapper\">\n<iframe loading=\"lazy\" title=\"Landtagswahlen 2023: Nachgefragt bei Thomas Widmann, F\u00fcr S\u00fcdtirol mit Widmann\" width=\"500\" height=\"281\" src=\"https:\/\/www.youtube.com\/embed\/iSISKI1M_Fo?feature=oembed\" frameborder=\"0\" allow=\"accelerometer; autoplay; clipboard-write; encrypted-media; gyroscope; picture-in-picture; web-share\" referrerpolicy=\"strict-origin-when-cross-origin\" allowfullscreen><\/iframe>\n<\/div><\/figure>\n\n\n\n<p class=\"has-text-align-center\"><strong>Thomas Widmann<br><\/strong>F\u00fcr S\u00fcdtirol mit Widmann<\/p>\n<\/div>\n\n\n\n<div class=\"wp-block-column is-layout-flow wp-block-column-is-layout-flow\">\n<figure class=\"wp-block-embed is-type-video is-provider-youtube wp-block-embed-youtube wp-embed-aspect-16-9 wp-has-aspect-ratio\"><div class=\"wp-block-embed__wrapper\">\n<iframe loading=\"lazy\" title=\"Elezioni provinciali 2023: Abbiamo chiesto a Jacopo Cosenza, Movimento 5 Stelle\" width=\"500\" height=\"281\" src=\"https:\/\/www.youtube.com\/embed\/4EvL298WhBI?feature=oembed\" frameborder=\"0\" allow=\"accelerometer; autoplay; clipboard-write; encrypted-media; gyroscope; picture-in-picture; web-share\" referrerpolicy=\"strict-origin-when-cross-origin\" allowfullscreen><\/iframe>\n<\/div><\/figure>\n\n\n\n<p class=\"has-text-align-center\"><strong>Jacopo Consenza<br><\/strong>M5S<\/p>\n<\/div>\n<\/div>\n\n\n\n<div class=\"wp-block-columns is-layout-flex wp-container-core-columns-is-layout-2 wp-block-columns-is-layout-flex\">\n<div class=\"wp-block-column is-layout-flow wp-block-column-is-layout-flow\">\n<figure class=\"wp-block-embed is-type-video is-provider-youtube wp-block-embed-youtube wp-embed-aspect-16-9 wp-has-aspect-ratio\"><div class=\"wp-block-embed__wrapper\">\n<iframe loading=\"lazy\" title=\"Landtagswahlen 2023: Nachgefragt bei Giada Del Marco, Team K\" width=\"500\" height=\"281\" src=\"https:\/\/www.youtube.com\/embed\/Vw20JCi_TDY?feature=oembed\" frameborder=\"0\" allow=\"accelerometer; autoplay; clipboard-write; encrypted-media; gyroscope; picture-in-picture; web-share\" referrerpolicy=\"strict-origin-when-cross-origin\" allowfullscreen><\/iframe>\n<\/div><\/figure>\n\n\n\n<p class=\"has-text-align-center\"><strong>Giada del Marco<br><\/strong>Team K<\/p>\n<\/div>\n\n\n\n<div class=\"wp-block-column is-layout-flow wp-block-column-is-layout-flow\">\n<figure class=\"wp-block-embed is-type-video is-provider-youtube wp-block-embed-youtube wp-embed-aspect-16-9 wp-has-aspect-ratio\"><div class=\"wp-block-embed__wrapper\">\n<iframe loading=\"lazy\" title=\"Landtagswahlen 2023: Nachgefragt bei J\u00fcrgen Wirth Anderlan, JWA\" width=\"500\" height=\"281\" src=\"https:\/\/www.youtube.com\/embed\/KGQoxatpoik?feature=oembed\" frameborder=\"0\" allow=\"accelerometer; autoplay; clipboard-write; encrypted-media; gyroscope; picture-in-picture; web-share\" referrerpolicy=\"strict-origin-when-cross-origin\" allowfullscreen><\/iframe>\n<\/div><\/figure>\n\n\n\n<p class=\"has-text-align-center\"><strong>J\u00fcrgen Wirth Anderlan<br><\/strong>JWA<\/p>\n<\/div>\n\n\n\n<div class=\"wp-block-column is-layout-flow wp-block-column-is-layout-flow\">\n<figure class=\"wp-block-embed is-type-video is-provider-youtube wp-block-embed-youtube wp-embed-aspect-16-9 wp-has-aspect-ratio\"><div class=\"wp-block-embed__wrapper\">\n<iframe loading=\"lazy\" title=\"Elezioni provinciali 2023: Abbiamo chiesto a Luca Di Biasio, Sinistra (Alleanza con Verdi)\" width=\"500\" height=\"281\" src=\"https:\/\/www.youtube.com\/embed\/vioaE32cvkc?feature=oembed\" frameborder=\"0\" allow=\"accelerometer; autoplay; clipboard-write; encrypted-media; gyroscope; picture-in-picture; web-share\" referrerpolicy=\"strict-origin-when-cross-origin\" allowfullscreen><\/iframe>\n<\/div><\/figure>\n\n\n\n<p class=\"has-text-align-center\"><strong>Luca di Biasio<br><\/strong>Sinistra<\/p>\n<\/div>\n\n\n\n<div class=\"wp-block-column is-layout-flow wp-block-column-is-layout-flow\">\n<figure class=\"wp-block-embed is-type-video is-provider-youtube wp-block-embed-youtube wp-embed-aspect-16-9 wp-has-aspect-ratio\"><div class=\"wp-block-embed__wrapper\">\n<iframe loading=\"lazy\" title=\"Landtagswahlen 2023: Nachgefragt bei Sabine Zoderer, Freiheitlichen\" width=\"500\" height=\"281\" src=\"https:\/\/www.youtube.com\/embed\/592koSdmK-Q?feature=oembed\" frameborder=\"0\" allow=\"accelerometer; autoplay; clipboard-write; encrypted-media; gyroscope; picture-in-picture; web-share\" referrerpolicy=\"strict-origin-when-cross-origin\" allowfullscreen><\/iframe>\n<\/div><\/figure>\n\n\n\n<p class=\"has-text-align-center\"><strong>Sabine Zoderer<br><\/strong>Freiheitlichen<\/p>\n<\/div>\n\n\n\n<div class=\"wp-block-column is-layout-flow wp-block-column-is-layout-flow\">\n<figure class=\"wp-block-embed is-type-video is-provider-youtube wp-block-embed-youtube wp-embed-aspect-16-9 wp-has-aspect-ratio\"><div class=\"wp-block-embed__wrapper\">\n<iframe loading=\"lazy\" title=\"Elezioni provinciali 2023: Abbiamo chiesto a Massimo Bessone, Lega\" width=\"500\" height=\"281\" src=\"https:\/\/www.youtube.com\/embed\/bMI8QepCnyc?feature=oembed\" frameborder=\"0\" allow=\"accelerometer; autoplay; clipboard-write; encrypted-media; gyroscope; picture-in-picture; web-share\" referrerpolicy=\"strict-origin-when-cross-origin\" allowfullscreen><\/iframe>\n<\/div><\/figure>\n\n\n\n<p class=\"has-text-align-center\"><strong>Massimo Bessone<br><\/strong>Lega<\/p>\n<\/div>\n\n\n\n<div class=\"wp-block-column is-layout-flow wp-block-column-is-layout-flow\">\n<figure class=\"wp-block-embed is-type-video is-provider-youtube wp-block-embed-youtube wp-embed-aspect-16-9 wp-has-aspect-ratio\"><div class=\"wp-block-embed__wrapper\">\n<iframe loading=\"lazy\" title=\"Landtagswahlen 2023: Nachgefragt bei Sven Knoll, S\u00fcdtiroler Freiheit\" width=\"500\" height=\"281\" src=\"https:\/\/www.youtube.com\/embed\/jR86et3Cem8?feature=oembed\" frameborder=\"0\" allow=\"accelerometer; autoplay; clipboard-write; encrypted-media; gyroscope; picture-in-picture; web-share\" referrerpolicy=\"strict-origin-when-cross-origin\" allowfullscreen><\/iframe>\n<\/div><\/figure>\n\n\n\n<p class=\"has-text-align-center\"><strong>Sven Knoll<br><\/strong>S\u00fcd-Tiroler Freiheit<\/p>\n<\/div>\n<\/div>\n\n\n\n<div class=\"wp-block-columns is-layout-flex wp-container-core-columns-is-layout-3 wp-block-columns-is-layout-flex\">\n<div class=\"wp-block-column is-layout-flow wp-block-column-is-layout-flow\">\n<figure class=\"wp-block-embed is-type-video is-provider-youtube wp-block-embed-youtube wp-embed-aspect-16-9 wp-has-aspect-ratio\"><div class=\"wp-block-embed__wrapper\">\n<iframe loading=\"lazy\" title=\"Elezioni provinciali 2023: Abbiamo chiesto a Sandro Repetto, PD\" width=\"500\" height=\"281\" src=\"https:\/\/www.youtube.com\/embed\/VqVNtVN3Tok?feature=oembed\" frameborder=\"0\" allow=\"accelerometer; autoplay; clipboard-write; encrypted-media; gyroscope; picture-in-picture; web-share\" referrerpolicy=\"strict-origin-when-cross-origin\" allowfullscreen><\/iframe>\n<\/div><\/figure>\n\n\n\n<p class=\"has-text-align-center\"><strong>Sandro Repetto<br><\/strong>PD<\/p>\n<\/div>\n\n\n\n<div class=\"wp-block-column is-layout-flow wp-block-column-is-layout-flow\">\n<figure class=\"wp-block-embed is-type-video is-provider-youtube wp-block-embed-youtube wp-embed-aspect-16-9 wp-has-aspect-ratio\"><div class=\"wp-block-embed__wrapper\">\n<iframe loading=\"lazy\" title=\"Elezioni provinciali 2023: Abbiamo chiesto a Marco Galateo, Fratelli d&#039;Italia\" width=\"500\" height=\"281\" src=\"https:\/\/www.youtube.com\/embed\/PRdAj07BGVY?feature=oembed\" frameborder=\"0\" allow=\"accelerometer; autoplay; clipboard-write; encrypted-media; gyroscope; picture-in-picture; web-share\" referrerpolicy=\"strict-origin-when-cross-origin\" allowfullscreen><\/iframe>\n<\/div><\/figure>\n\n\n\n<p class=\"has-text-align-center\"><strong>Marco Galateo<br><\/strong>FDI<\/p>\n<\/div>\n\n\n\n<div class=\"wp-block-column is-layout-flow wp-block-column-is-layout-flow\">\n<figure class=\"wp-block-embed is-type-video is-provider-youtube wp-block-embed-youtube wp-embed-aspect-16-9 wp-has-aspect-ratio\"><div class=\"wp-block-embed__wrapper\">\n<iframe loading=\"lazy\" title=\"Landtagswahlen 2023: Nachgefragt bei Josef Unterholzner, Enzian\" width=\"500\" height=\"281\" src=\"https:\/\/www.youtube.com\/embed\/KPNovSeDmPs?feature=oembed\" frameborder=\"0\" allow=\"accelerometer; autoplay; clipboard-write; encrypted-media; gyroscope; picture-in-picture; web-share\" referrerpolicy=\"strict-origin-when-cross-origin\" allowfullscreen><\/iframe>\n<\/div><\/figure>\n\n\n\n<p class=\"has-text-align-center\"><strong>Josef Unterholzner<br><\/strong>Enzian<\/p>\n<\/div>\n\n\n\n<div class=\"wp-block-column is-layout-flow wp-block-column-is-layout-flow\">\n<figure class=\"wp-block-embed is-type-video is-provider-youtube wp-block-embed-youtube wp-embed-aspect-16-9 wp-has-aspect-ratio\"><div class=\"wp-block-embed__wrapper\">\n<iframe loading=\"lazy\" title=\"Elezioni provinciali 2023: Abbiamo chiesto a Filippo Maturi, Centro Destra\" width=\"500\" height=\"281\" src=\"https:\/\/www.youtube.com\/embed\/o5V8lLP8dq0?feature=oembed\" frameborder=\"0\" allow=\"accelerometer; autoplay; clipboard-write; encrypted-media; gyroscope; picture-in-picture; web-share\" referrerpolicy=\"strict-origin-when-cross-origin\" allowfullscreen><\/iframe>\n<\/div><\/figure>\n\n\n\n<p class=\"has-text-align-center\"><strong>Filippo Maturi<br><\/strong>Centro Destra<\/p>\n<\/div>\n\n\n\n<div class=\"wp-block-column is-layout-flow wp-block-column-is-layout-flow\">\n<figure class=\"wp-block-embed is-type-video is-provider-youtube wp-block-embed-youtube wp-embed-aspect-16-9 wp-has-aspect-ratio\"><div class=\"wp-block-embed__wrapper\">\n<iframe loading=\"lazy\" title=\"Elezioni provinciali 2023: Abbiamo chiesto a Carlo Vettori, Forza Italia\" width=\"500\" height=\"281\" src=\"https:\/\/www.youtube.com\/embed\/8JJjlijIk-U?feature=oembed\" frameborder=\"0\" allow=\"accelerometer; autoplay; clipboard-write; encrypted-media; gyroscope; picture-in-picture; web-share\" referrerpolicy=\"strict-origin-when-cross-origin\" allowfullscreen><\/iframe>\n<\/div><\/figure>\n\n\n\n<p class=\"has-text-align-center\"><strong>Carlo Vettori<br><\/strong>Forza Italia<\/p>\n<\/div>\n\n\n\n<div class=\"wp-block-column is-layout-flow wp-block-column-is-layout-flow\"><\/div>\n<\/div>\n\n\n\n<h2 class=\"wp-block-heading\">Podcast Il tuo voto<\/h2>\n\n\n\n<p>Friedrich Hainz, alias Friedl, ha realizzato un podcast per approfondire il tema delle elezioni provinciali.<\/p>\n\n\n\n<p>In 5 episodi ha intervistato esperti\/e e analizzato cosa accade \u201cdietro le quinte\u201d: Chi prende le decisioni nel nostro territorio? Qual \u00e8 il ruolo dei media? E cosa \u00e8 successo nei cinque anni precedenti alle elezioni?<\/p>\n\n\n\n<p>Tutti gli episodi in lingua tedesca sono disponibili qui per l\u2019ascolto:<\/p>\n\n\n\n<div class=\"wp-block-columns is-layout-flex wp-container-core-columns-is-layout-4 wp-block-columns-is-layout-flex\">\n<div class=\"wp-block-column is-layout-flow wp-block-column-is-layout-flow\">\n<figure class=\"wp-block-embed is-type-video is-provider-youtube wp-block-embed-youtube wp-embed-aspect-16-9 wp-has-aspect-ratio\"><div class=\"wp-block-embed__wrapper\">\n<iframe loading=\"lazy\" title=\"DEINE WAHL Folge 1: Welchen Weg geht meine Stimme?\" width=\"500\" height=\"281\" src=\"https:\/\/www.youtube.com\/embed\/kE0yVa_gHOg?feature=oembed\" frameborder=\"0\" allow=\"accelerometer; autoplay; clipboard-write; encrypted-media; gyroscope; picture-in-picture; web-share\" referrerpolicy=\"strict-origin-when-cross-origin\" allowfullscreen><\/iframe>\n<\/div><\/figure>\n<\/div>\n\n\n\n<div class=\"wp-block-column is-layout-flow wp-block-column-is-layout-flow\">\n<figure class=\"wp-block-embed is-type-video is-provider-youtube wp-block-embed-youtube wp-embed-aspect-16-9 wp-has-aspect-ratio\"><div class=\"wp-block-embed__wrapper\">\n<iframe loading=\"lazy\" title=\"DEINE WAHL Folge 2: Wer redet mit in unserem Land\" width=\"500\" height=\"281\" src=\"https:\/\/www.youtube.com\/embed\/KeTFiMr-pCw?feature=oembed\" frameborder=\"0\" allow=\"accelerometer; autoplay; clipboard-write; encrypted-media; gyroscope; picture-in-picture; web-share\" referrerpolicy=\"strict-origin-when-cross-origin\" allowfullscreen><\/iframe>\n<\/div><\/figure>\n<\/div>\n\n\n\n<div class=\"wp-block-column is-layout-flow wp-block-column-is-layout-flow\">\n<figure class=\"wp-block-embed is-type-video is-provider-youtube wp-block-embed-youtube wp-embed-aspect-16-9 wp-has-aspect-ratio\"><div class=\"wp-block-embed__wrapper\">\n<iframe loading=\"lazy\" title=\"DEINE WAHL Folge 3: Wie fortschrittlich ist S\u00fcdtirol wirklich?\" width=\"500\" height=\"281\" src=\"https:\/\/www.youtube.com\/embed\/SDet0f0tT8Q?feature=oembed\" frameborder=\"0\" allow=\"accelerometer; autoplay; clipboard-write; encrypted-media; gyroscope; picture-in-picture; web-share\" referrerpolicy=\"strict-origin-when-cross-origin\" allowfullscreen><\/iframe>\n<\/div><\/figure>\n<\/div>\n\n\n\n<div class=\"wp-block-column is-layout-flow wp-block-column-is-layout-flow\">\n<figure class=\"wp-block-embed is-type-video is-provider-youtube wp-block-embed-youtube wp-embed-aspect-16-9 wp-has-aspect-ratio\"><div class=\"wp-block-embed__wrapper\">\n<iframe loading=\"lazy\" title=\"DEINE WAHL Folge 4: Welche Rolle spielen die Medien in S\u00fcdtirol?\" width=\"500\" height=\"281\" src=\"https:\/\/www.youtube.com\/embed\/GNaiQC1mfH4?feature=oembed\" frameborder=\"0\" allow=\"accelerometer; autoplay; clipboard-write; encrypted-media; gyroscope; picture-in-picture; web-share\" referrerpolicy=\"strict-origin-when-cross-origin\" allowfullscreen><\/iframe>\n<\/div><\/figure>\n<\/div>\n\n\n\n<div class=\"wp-block-column is-layout-flow wp-block-column-is-layout-flow\">\n<figure class=\"wp-block-embed is-type-video is-provider-youtube wp-block-embed-youtube wp-embed-aspect-16-9 wp-has-aspect-ratio\"><div class=\"wp-block-embed__wrapper\">\n<iframe loading=\"lazy\" title=\"DEINE WAHL Folge 5: R\u00fcckblick: Was ist in den letzten f\u00fcnf Jahren passiert?\" width=\"500\" height=\"281\" src=\"https:\/\/www.youtube.com\/embed\/x9dqVAu0bxQ?feature=oembed\" frameborder=\"0\" allow=\"accelerometer; autoplay; clipboard-write; encrypted-media; gyroscope; picture-in-picture; web-share\" referrerpolicy=\"strict-origin-when-cross-origin\" allowfullscreen><\/iframe>\n<\/div><\/figure>\n<\/div>\n<\/div>\n\n\n\n<div class=\"wp-block-columns is-layout-flex wp-container-core-columns-is-layout-5 wp-block-columns-is-layout-flex\">\n<div class=\"wp-block-column is-layout-flow wp-block-column-is-layout-flow\">\n<p><\/p>\n\n\n\n<p class=\"has-text-align-center wp-embed-aspect-21-9 wp-has-aspect-ratio\">Dopo le elezioni provinciali \u00e8 nato il podcast Polit-Appdate.<\/p>\n\n\n\n<p class=\"has-text-align-center wp-embed-aspect-21-9 wp-has-aspect-ratio\">Una volta al mese propone uno sguardo sull\u2019attualit\u00e0 politica in Alto Adige.<\/p>\n\n\n\n<p class=\"has-text-align-center\">Vale la pena ascoltarlo \u25b6\ufe0f\u27a1\ufe0f<\/p>\n<\/div>\n\n\n\n<div class=\"wp-block-column is-layout-flow wp-block-column-is-layout-flow\">\n<figure class=\"wp-block-embed is-type-rich is-provider-spotify wp-block-embed-spotify wp-embed-aspect-21-9 wp-has-aspect-ratio\"><div class=\"wp-block-embed__wrapper\">\n<iframe title=\"Spotify Embed: Migration - Klassenpodcast an der WFO Bozen mit Philipp Achammer\" style=\"border-radius: 12px\" width=\"100%\" height=\"152\" frameborder=\"0\" allowfullscreen allow=\"autoplay; clipboard-write; encrypted-media; fullscreen; picture-in-picture\" loading=\"lazy\" src=\"https:\/\/open.spotify.com\/embed\/show\/1noOZ4qIAeYYICsvxm5S6Z?utm_source=oembed\"><\/iframe>\n<\/div><\/figure>\n<\/div>\n<\/div>\n\n\n\n<h2 class=\"wp-block-heading\">Strumenti per il voto, elezioni ombra e workshop<\/h2>\n\n\n\n<p>Uno degli strumenti centrali \u00e8 stato il <strong>tool online<\/strong>disponibile su iltuovoto.it, che ha permesso di confrontare in modo semplice, anonimo e comprensibile le proprie opinioni con le posizioni dei diversi partiti. <\/p>\n\n\n\n<p>Per i\/le sedicenni e diciassettenni non ancora aventi diritto di voto, \u00e8 stata organizzata una <strong>elezione ombra digitale<\/strong>, pensata per offrire una prima esperienza di voto e rendere visibili le preferenze della popolazione giovanile in Alto Adige.<\/p>\n\n\n\n<p>Inoltre, in tutto il territorio si sono svolti <strong>workshop presso scuole e centri giovanili<\/strong> , dove ragazzi\/e hanno potuto esprimere le proprie opinioni e confrontarsi direttamente con esponenti politici.<\/p>\n\n\n\n<p><\/p>\n\n\n\n<p>Anche sui social media \u00e8 stata garantita un\u2019ampia comunicazione sulle elezioni.\nSegui:<\/p>\n\n\n\n<div class=\"wp-block-columns is-layout-flex wp-container-core-columns-is-layout-6 wp-block-columns-is-layout-flex\">\n<div class=\"wp-block-column is-layout-flow wp-block-column-is-layout-flow\">\n<p><strong>Youth App \u2b07\ufe0f<\/strong><\/p>\n\n\n\n<ul class=\"wp-block-social-links has-large-icon-size is-layout-flex wp-block-social-links-is-layout-flex\"><li class=\"wp-social-link wp-social-link-instagram  wp-block-social-link\"><a href=\"https:\/\/www.instagram.com\/youthapp_\/\" class=\"wp-block-social-link-anchor\"><svg width=\"24\" height=\"24\" viewbox=\"0 0 24 24\" version=\"1.1\" xmlns=\"http:\/\/www.w3.org\/2000\/svg\" aria-hidden=\"true\" focusable=\"false\"><path d=\"M12,4.622c2.403,0,2.688,0.009,3.637,0.052c0.877,0.04,1.354,0.187,1.671,0.31c0.42,0.163,0.72,0.358,1.035,0.673 c0.315,0.315,0.51,0.615,0.673,1.035c0.123,0.317,0.27,0.794,0.31,1.671c0.043,0.949,0.052,1.234,0.052,3.637 s-0.009,2.688-0.052,3.637c-0.04,0.877-0.187,1.354-0.31,1.671c-0.163,0.42-0.358,0.72-0.673,1.035 c-0.315,0.315-0.615,0.51-1.035,0.673c-0.317,0.123-0.794,0.27-1.671,0.31c-0.949,0.043-1.233,0.052-3.637,0.052 s-2.688-0.009-3.637-0.052c-0.877-0.04-1.354-0.187-1.671-0.31c-0.42-0.163-0.72-0.358-1.035-0.673 c-0.315-0.315-0.51-0.615-0.673-1.035c-0.123-0.317-0.27-0.794-0.31-1.671C4.631,14.688,4.622,14.403,4.622,12 s0.009-2.688,0.052-3.637c0.04-0.877,0.187-1.354,0.31-1.671c0.163-0.42,0.358-0.72,0.673-1.035 c0.315-0.315,0.615-0.51,1.035-0.673c0.317-0.123,0.794-0.27,1.671-0.31C9.312,4.631,9.597,4.622,12,4.622 M12,3 C9.556,3,9.249,3.01,8.289,3.054C7.331,3.098,6.677,3.25,6.105,3.472C5.513,3.702,5.011,4.01,4.511,4.511 c-0.5,0.5-0.808,1.002-1.038,1.594C3.25,6.677,3.098,7.331,3.054,8.289C3.01,9.249,3,9.556,3,12c0,2.444,0.01,2.751,0.054,3.711 c0.044,0.958,0.196,1.612,0.418,2.185c0.23,0.592,0.538,1.094,1.038,1.594c0.5,0.5,1.002,0.808,1.594,1.038 c0.572,0.222,1.227,0.375,2.185,0.418C9.249,20.99,9.556,21,12,21s2.751-0.01,3.711-0.054c0.958-0.044,1.612-0.196,2.185-0.418 c0.592-0.23,1.094-0.538,1.594-1.038c0.5-0.5,0.808-1.002,1.038-1.594c0.222-0.572,0.375-1.227,0.418-2.185 C20.99,14.751,21,14.444,21,12s-0.01-2.751-0.054-3.711c-0.044-0.958-0.196-1.612-0.418-2.185c-0.23-0.592-0.538-1.094-1.038-1.594 c-0.5-0.5-1.002-0.808-1.594-1.038c-0.572-0.222-1.227-0.375-2.185-0.418C14.751,3.01,14.444,3,12,3L12,3z M12,7.378 c-2.552,0-4.622,2.069-4.622,4.622S9.448,16.622,12,16.622s4.622-2.069,4.622-4.622S14.552,7.378,12,7.378z M12,15 c-1.657,0-3-1.343-3-3s1.343-3,3-3s3,1.343,3,3S13.657,15,12,15z M16.804,6.116c-0.596,0-1.08,0.484-1.08,1.08 s0.484,1.08,1.08,1.08c0.596,0,1.08-0.484,1.08-1.08S17.401,6.116,16.804,6.116z\"><\/path><\/svg><span class=\"wp-block-social-link-label screen-reader-text\">Instagram<\/span><\/a><\/li>\n\n<li class=\"wp-social-link wp-social-link-tiktok  wp-block-social-link\"><a href=\"https:\/\/www.tiktok.com\/@youthapp_?lang=de-DE\" class=\"wp-block-social-link-anchor\"><svg width=\"24\" height=\"24\" viewbox=\"0 0 32 32\" version=\"1.1\" xmlns=\"http:\/\/www.w3.org\/2000\/svg\" aria-hidden=\"true\" focusable=\"false\"><path d=\"M16.708 0.027c1.745-0.027 3.48-0.011 5.213-0.027 0.105 2.041 0.839 4.12 2.333 5.563 1.491 1.479 3.6 2.156 5.652 2.385v5.369c-1.923-0.063-3.855-0.463-5.6-1.291-0.76-0.344-1.468-0.787-2.161-1.24-0.009 3.896 0.016 7.787-0.025 11.667-0.104 1.864-0.719 3.719-1.803 5.255-1.744 2.557-4.771 4.224-7.88 4.276-1.907 0.109-3.812-0.411-5.437-1.369-2.693-1.588-4.588-4.495-4.864-7.615-0.032-0.667-0.043-1.333-0.016-1.984 0.24-2.537 1.495-4.964 3.443-6.615 2.208-1.923 5.301-2.839 8.197-2.297 0.027 1.975-0.052 3.948-0.052 5.923-1.323-0.428-2.869-0.308-4.025 0.495-0.844 0.547-1.485 1.385-1.819 2.333-0.276 0.676-0.197 1.427-0.181 2.145 0.317 2.188 2.421 4.027 4.667 3.828 1.489-0.016 2.916-0.88 3.692-2.145 0.251-0.443 0.532-0.896 0.547-1.417 0.131-2.385 0.079-4.76 0.095-7.145 0.011-5.375-0.016-10.735 0.025-16.093z\" \/><\/svg><span class=\"wp-block-social-link-label screen-reader-text\">TikTok<\/span><\/a><\/li>\n\n<li class=\"wp-social-link wp-social-link-youtube  wp-block-social-link\"><a href=\"https:\/\/www.youtube.com\/@deinewahl.it_iltuovoto\/videos\" class=\"wp-block-social-link-anchor\"><svg width=\"24\" height=\"24\" viewbox=\"0 0 24 24\" version=\"1.1\" xmlns=\"http:\/\/www.w3.org\/2000\/svg\" aria-hidden=\"true\" focusable=\"false\"><path d=\"M21.8,8.001c0,0-0.195-1.378-0.795-1.985c-0.76-0.797-1.613-0.801-2.004-0.847c-2.799-0.202-6.997-0.202-6.997-0.202 h-0.009c0,0-4.198,0-6.997,0.202C4.608,5.216,3.756,5.22,2.995,6.016C2.395,6.623,2.2,8.001,2.2,8.001S2,9.62,2,11.238v1.517 c0,1.618,0.2,3.237,0.2,3.237s0.195,1.378,0.795,1.985c0.761,0.797,1.76,0.771,2.205,0.855c1.6,0.153,6.8,0.201,6.8,0.201 s4.203-0.006,7.001-0.209c0.391-0.047,1.243-0.051,2.004-0.847c0.6-0.607,0.795-1.985,0.795-1.985s0.2-1.618,0.2-3.237v-1.517 C22,9.62,21.8,8.001,21.8,8.001z M9.935,14.594l-0.001-5.62l5.404,2.82L9.935,14.594z\"><\/path><\/svg><span class=\"wp-block-social-link-label screen-reader-text\">YouTube<\/span><\/a><\/li><\/ul>\n<\/div>\n\n\n\n<div class=\"wp-block-column is-layout-flow wp-block-column-is-layout-flow\">\n<p><strong>S\u00fcdtiroler Jugendring \u2b07\ufe0f<\/strong><\/p>\n\n\n\n<ul class=\"wp-block-social-links has-large-icon-size is-layout-flex wp-block-social-links-is-layout-flex\"><li class=\"wp-social-link wp-social-link-instagram  wp-block-social-link\"><a href=\"https:\/\/www.instagram.com\/suedtiroler_jugendring_sjr\/\" class=\"wp-block-social-link-anchor\"><svg width=\"24\" height=\"24\" viewbox=\"0 0 24 24\" version=\"1.1\" xmlns=\"http:\/\/www.w3.org\/2000\/svg\" aria-hidden=\"true\" focusable=\"false\"><path d=\"M12,4.622c2.403,0,2.688,0.009,3.637,0.052c0.877,0.04,1.354,0.187,1.671,0.31c0.42,0.163,0.72,0.358,1.035,0.673 c0.315,0.315,0.51,0.615,0.673,1.035c0.123,0.317,0.27,0.794,0.31,1.671c0.043,0.949,0.052,1.234,0.052,3.637 s-0.009,2.688-0.052,3.637c-0.04,0.877-0.187,1.354-0.31,1.671c-0.163,0.42-0.358,0.72-0.673,1.035 c-0.315,0.315-0.615,0.51-1.035,0.673c-0.317,0.123-0.794,0.27-1.671,0.31c-0.949,0.043-1.233,0.052-3.637,0.052 s-2.688-0.009-3.637-0.052c-0.877-0.04-1.354-0.187-1.671-0.31c-0.42-0.163-0.72-0.358-1.035-0.673 c-0.315-0.315-0.51-0.615-0.673-1.035c-0.123-0.317-0.27-0.794-0.31-1.671C4.631,14.688,4.622,14.403,4.622,12 s0.009-2.688,0.052-3.637c0.04-0.877,0.187-1.354,0.31-1.671c0.163-0.42,0.358-0.72,0.673-1.035 c0.315-0.315,0.615-0.51,1.035-0.673c0.317-0.123,0.794-0.27,1.671-0.31C9.312,4.631,9.597,4.622,12,4.622 M12,3 C9.556,3,9.249,3.01,8.289,3.054C7.331,3.098,6.677,3.25,6.105,3.472C5.513,3.702,5.011,4.01,4.511,4.511 c-0.5,0.5-0.808,1.002-1.038,1.594C3.25,6.677,3.098,7.331,3.054,8.289C3.01,9.249,3,9.556,3,12c0,2.444,0.01,2.751,0.054,3.711 c0.044,0.958,0.196,1.612,0.418,2.185c0.23,0.592,0.538,1.094,1.038,1.594c0.5,0.5,1.002,0.808,1.594,1.038 c0.572,0.222,1.227,0.375,2.185,0.418C9.249,20.99,9.556,21,12,21s2.751-0.01,3.711-0.054c0.958-0.044,1.612-0.196,2.185-0.418 c0.592-0.23,1.094-0.538,1.594-1.038c0.5-0.5,0.808-1.002,1.038-1.594c0.222-0.572,0.375-1.227,0.418-2.185 C20.99,14.751,21,14.444,21,12s-0.01-2.751-0.054-3.711c-0.044-0.958-0.196-1.612-0.418-2.185c-0.23-0.592-0.538-1.094-1.038-1.594 c-0.5-0.5-1.002-0.808-1.594-1.038c-0.572-0.222-1.227-0.375-2.185-0.418C14.751,3.01,14.444,3,12,3L12,3z M12,7.378 c-2.552,0-4.622,2.069-4.622,4.622S9.448,16.622,12,16.622s4.622-2.069,4.622-4.622S14.552,7.378,12,7.378z M12,15 c-1.657,0-3-1.343-3-3s1.343-3,3-3s3,1.343,3,3S13.657,15,12,15z M16.804,6.116c-0.596,0-1.08,0.484-1.08,1.08 s0.484,1.08,1.08,1.08c0.596,0,1.08-0.484,1.08-1.08S17.401,6.116,16.804,6.116z\"><\/path><\/svg><span class=\"wp-block-social-link-label screen-reader-text\">Instagram<\/span><\/a><\/li>\n\n<li class=\"wp-social-link wp-social-link-facebook  wp-block-social-link\"><a href=\"https:\/\/www.facebook.com\/suedtirolerjugendring\" class=\"wp-block-social-link-anchor\"><svg width=\"24\" height=\"24\" viewbox=\"0 0 24 24\" version=\"1.1\" xmlns=\"http:\/\/www.w3.org\/2000\/svg\" aria-hidden=\"true\" focusable=\"false\"><path d=\"M12 2C6.5 2 2 6.5 2 12c0 5 3.7 9.1 8.4 9.9v-7H7.9V12h2.5V9.8c0-2.5 1.5-3.9 3.8-3.9 1.1 0 2.2.2 2.2.2v2.5h-1.3c-1.2 0-1.6.8-1.6 1.6V12h2.8l-.4 2.9h-2.3v7C18.3 21.1 22 17 22 12c0-5.5-4.5-10-10-10z\"><\/path><\/svg><span class=\"wp-block-social-link-label screen-reader-text\">Facebook<\/span><\/a><\/li><\/ul>\n<\/div>\n\n\n\n<div class=\"wp-block-column is-layout-flow wp-block-column-is-layout-flow\">\n<p><strong>Polit-Appdate \u2b07\ufe0f<\/strong><\/p>\n\n\n\n<ul class=\"wp-block-social-links has-large-icon-size is-layout-flex wp-block-social-links-is-layout-flex\"><li class=\"wp-social-link wp-social-link-instagram  wp-block-social-link\"><a href=\"https:\/\/www.instagram.com\/polit_appdate\/\" class=\"wp-block-social-link-anchor\"><svg width=\"24\" height=\"24\" viewbox=\"0 0 24 24\" version=\"1.1\" xmlns=\"http:\/\/www.w3.org\/2000\/svg\" aria-hidden=\"true\" focusable=\"false\"><path d=\"M12,4.622c2.403,0,2.688,0.009,3.637,0.052c0.877,0.04,1.354,0.187,1.671,0.31c0.42,0.163,0.72,0.358,1.035,0.673 c0.315,0.315,0.51,0.615,0.673,1.035c0.123,0.317,0.27,0.794,0.31,1.671c0.043,0.949,0.052,1.234,0.052,3.637 s-0.009,2.688-0.052,3.637c-0.04,0.877-0.187,1.354-0.31,1.671c-0.163,0.42-0.358,0.72-0.673,1.035 c-0.315,0.315-0.615,0.51-1.035,0.673c-0.317,0.123-0.794,0.27-1.671,0.31c-0.949,0.043-1.233,0.052-3.637,0.052 s-2.688-0.009-3.637-0.052c-0.877-0.04-1.354-0.187-1.671-0.31c-0.42-0.163-0.72-0.358-1.035-0.673 c-0.315-0.315-0.51-0.615-0.673-1.035c-0.123-0.317-0.27-0.794-0.31-1.671C4.631,14.688,4.622,14.403,4.622,12 s0.009-2.688,0.052-3.637c0.04-0.877,0.187-1.354,0.31-1.671c0.163-0.42,0.358-0.72,0.673-1.035 c0.315-0.315,0.615-0.51,1.035-0.673c0.317-0.123,0.794-0.27,1.671-0.31C9.312,4.631,9.597,4.622,12,4.622 M12,3 C9.556,3,9.249,3.01,8.289,3.054C7.331,3.098,6.677,3.25,6.105,3.472C5.513,3.702,5.011,4.01,4.511,4.511 c-0.5,0.5-0.808,1.002-1.038,1.594C3.25,6.677,3.098,7.331,3.054,8.289C3.01,9.249,3,9.556,3,12c0,2.444,0.01,2.751,0.054,3.711 c0.044,0.958,0.196,1.612,0.418,2.185c0.23,0.592,0.538,1.094,1.038,1.594c0.5,0.5,1.002,0.808,1.594,1.038 c0.572,0.222,1.227,0.375,2.185,0.418C9.249,20.99,9.556,21,12,21s2.751-0.01,3.711-0.054c0.958-0.044,1.612-0.196,2.185-0.418 c0.592-0.23,1.094-0.538,1.594-1.038c0.5-0.5,0.808-1.002,1.038-1.594c0.222-0.572,0.375-1.227,0.418-2.185 C20.99,14.751,21,14.444,21,12s-0.01-2.751-0.054-3.711c-0.044-0.958-0.196-1.612-0.418-2.185c-0.23-0.592-0.538-1.094-1.038-1.594 c-0.5-0.5-1.002-0.808-1.594-1.038c-0.572-0.222-1.227-0.375-2.185-0.418C14.751,3.01,14.444,3,12,3L12,3z M12,7.378 c-2.552,0-4.622,2.069-4.622,4.622S9.448,16.622,12,16.622s4.622-2.069,4.622-4.622S14.552,7.378,12,7.378z M12,15 c-1.657,0-3-1.343-3-3s1.343-3,3-3s3,1.343,3,3S13.657,15,12,15z M16.804,6.116c-0.596,0-1.08,0.484-1.08,1.08 s0.484,1.08,1.08,1.08c0.596,0,1.08-0.484,1.08-1.08S17.401,6.116,16.804,6.116z\"><\/path><\/svg><span class=\"wp-block-social-link-label screen-reader-text\">Instagram<\/span><\/a><\/li>\n\n<li class=\"wp-social-link wp-social-link-tiktok  wp-block-social-link\"><a href=\"https:\/\/www.tiktok.com\/@politappdate?lang=de-DE\" class=\"wp-block-social-link-anchor\"><svg width=\"24\" height=\"24\" viewbox=\"0 0 32 32\" version=\"1.1\" xmlns=\"http:\/\/www.w3.org\/2000\/svg\" aria-hidden=\"true\" focusable=\"false\"><path d=\"M16.708 0.027c1.745-0.027 3.48-0.011 5.213-0.027 0.105 2.041 0.839 4.12 2.333 5.563 1.491 1.479 3.6 2.156 5.652 2.385v5.369c-1.923-0.063-3.855-0.463-5.6-1.291-0.76-0.344-1.468-0.787-2.161-1.24-0.009 3.896 0.016 7.787-0.025 11.667-0.104 1.864-0.719 3.719-1.803 5.255-1.744 2.557-4.771 4.224-7.88 4.276-1.907 0.109-3.812-0.411-5.437-1.369-2.693-1.588-4.588-4.495-4.864-7.615-0.032-0.667-0.043-1.333-0.016-1.984 0.24-2.537 1.495-4.964 3.443-6.615 2.208-1.923 5.301-2.839 8.197-2.297 0.027 1.975-0.052 3.948-0.052 5.923-1.323-0.428-2.869-0.308-4.025 0.495-0.844 0.547-1.485 1.385-1.819 2.333-0.276 0.676-0.197 1.427-0.181 2.145 0.317 2.188 2.421 4.027 4.667 3.828 1.489-0.016 2.916-0.88 3.692-2.145 0.251-0.443 0.532-0.896 0.547-1.417 0.131-2.385 0.079-4.76 0.095-7.145 0.011-5.375-0.016-10.735 0.025-16.093z\" \/><\/svg><span class=\"wp-block-social-link-label screen-reader-text\">TikTok<\/span><\/a><\/li><\/ul>\n<\/div>\n<\/div>\n\n\n\n<p><\/p>\n\n\n\n<figure class=\"wp-block-image aligncenter size-full\"><img loading=\"lazy\" decoding=\"async\" width=\"727\" height=\"329\" src=\"https:\/\/deinewahl.it\/wp-content\/uploads\/2025\/07\/image-edited.png\" alt=\"\" class=\"wp-image-2506\" style=\"object-fit:cover\" srcset=\"https:\/\/deinewahl.it\/wp-content\/uploads\/2025\/07\/image-edited.png 727w, https:\/\/deinewahl.it\/wp-content\/uploads\/2025\/07\/image-edited-300x136.png 300w, https:\/\/deinewahl.it\/wp-content\/uploads\/2025\/07\/image-edited-18x8.png 18w\" sizes=\"auto, (max-width: 727px) 100vw, 727px\" \/><figcaption class=\"wp-element-caption\">I 35 membri del Consiglio provinciale dell\u2019Alto Adige \u2013 Legislatura 2023\u20132028<\/figcaption><\/figure>\n\n\n\n<p><\/p>","protected":false},"excerpt":{"rendered":"<p>Bei der Landtagswahl 2023 in S\u00fcdtirol haben die B\u00fcrgerinnen und B\u00fcrger den neuen S\u00fcdtiroler Landtag gew\u00e4hlt \u2013 das Organ, das \u00fcber Gesetze, Budget und zentrale Themen wie Bildung, Mobilit\u00e4t, Umwelt und Wirtschaft mitbestimmt. Insgesamt wurden 35 Abgeordnete gew\u00e4hlt, die f\u00fcr die n\u00e4chsten f\u00fcnf Jahre die politische Richtung S\u00fcdtirols vorgeben. Im Mittelpunkt der Wahl standen unter [&hellip;]<\/p>","protected":false},"author":2,"featured_media":0,"parent":0,"menu_order":0,"comment_status":"closed","ping_status":"closed","template":"","meta":{"_themeisle_gutenberg_block_has_review":false,"footnotes":""},"class_list":["post-2477","page","type-page","status-publish","hentry"],"_links":{"self":[{"href":"https:\/\/deinewahl.it\/it\/wp-json\/wp\/v2\/pages\/2477","targetHints":{"allow":["GET"]}}],"collection":[{"href":"https:\/\/deinewahl.it\/it\/wp-json\/wp\/v2\/pages"}],"about":[{"href":"https:\/\/deinewahl.it\/it\/wp-json\/wp\/v2\/types\/page"}],"author":[{"embeddable":true,"href":"https:\/\/deinewahl.it\/it\/wp-json\/wp\/v2\/users\/2"}],"replies":[{"embeddable":true,"href":"https:\/\/deinewahl.it\/it\/wp-json\/wp\/v2\/comments?post=2477"}],"version-history":[{"count":18,"href":"https:\/\/deinewahl.it\/it\/wp-json\/wp\/v2\/pages\/2477\/revisions"}],"predecessor-version":[{"id":2559,"href":"https:\/\/deinewahl.it\/it\/wp-json\/wp\/v2\/pages\/2477\/revisions\/2559"}],"wp:attachment":[{"href":"https:\/\/deinewahl.it\/it\/wp-json\/wp\/v2\/media?parent=2477"}],"curies":[{"name":"wp","href":"https:\/\/api.w.org\/{rel}","templated":true}]}}