{"id":2480,"date":"2025-06-26T11:22:56","date_gmt":"2025-06-26T09:22:56","guid":{"rendered":"https:\/\/deinewahl.it\/?page_id=2480"},"modified":"2025-07-17T16:03:11","modified_gmt":"2025-07-17T14:03:11","slug":"eu-wahl-2024","status":"publish","type":"page","link":"https:\/\/deinewahl.it\/it\/eu-wahl-2024\/","title":{"rendered":"Elezioni europee 2024"},"content":{"rendered":"<figure class=\"wp-block-image aligncenter size-full\"><img loading=\"lazy\" decoding=\"async\" width=\"2880\" height=\"1920\" src=\"https:\/\/deinewahl.it\/wp-content\/uploads\/2025\/07\/Events-und-Allgemeine-Beitragsbilder-Julia-2.png\" alt=\"\" class=\"wp-image-2529\" style=\"aspect-ratio:16\/9;object-fit:cover\" srcset=\"https:\/\/deinewahl.it\/wp-content\/uploads\/2025\/07\/Events-und-Allgemeine-Beitragsbilder-Julia-2.png 2880w, https:\/\/deinewahl.it\/wp-content\/uploads\/2025\/07\/Events-und-Allgemeine-Beitragsbilder-Julia-2-300x200.png 300w, https:\/\/deinewahl.it\/wp-content\/uploads\/2025\/07\/Events-und-Allgemeine-Beitragsbilder-Julia-2-1024x683.png 1024w, https:\/\/deinewahl.it\/wp-content\/uploads\/2025\/07\/Events-und-Allgemeine-Beitragsbilder-Julia-2-768x512.png 768w, https:\/\/deinewahl.it\/wp-content\/uploads\/2025\/07\/Events-und-Allgemeine-Beitragsbilder-Julia-2-1536x1024.png 1536w, https:\/\/deinewahl.it\/wp-content\/uploads\/2025\/07\/Events-und-Allgemeine-Beitragsbilder-Julia-2-2048x1365.png 2048w, https:\/\/deinewahl.it\/wp-content\/uploads\/2025\/07\/Events-und-Allgemeine-Beitragsbilder-Julia-2-18x12.png 18w\" sizes=\"auto, (max-width: 2880px) 100vw, 2880px\" \/><\/figure>\n\n\n\n<p class=\"has-text-align-left\">Le elezioni europee del 2024 si sono svolte in Italia \u2013 e quindi anche in Alto Adige \u2013 l\u20198 e il 9 giugno. In questa occasione sono stati eletti <strong>76 deputati italiani su un totale di 720 membri<\/strong> del <strong>Parlamento europeo<\/strong>.<\/p>\n\n\n\n<p class=\"has-text-align-left\">A livello nazionale, i temi centrali della campagna elettorale sono stati: <strong>le politiche migratorie, la politica economica e sociale<\/strong>e il ruolo dell\u2019Italia all\u2019interno dell\u2019Unione Europea. <strong>Fratelli d\u2019Italia<\/strong> guidato da Giorgia Meloni, ha ottenuto circa il <strong>28\u201329\u202f%<\/strong> dei voti, affermandosi come primo partito a livello nazionale.<\/p>\n\n\n\n<p class=\"has-text-align-left\">A <strong>Alto Adige<\/strong> il partito pi\u00f9 votato \u00e8 stato la <strong>SVP<\/strong> (S\u00fcdtiroler Volkspartei), che ha raccolto tra il <strong>46\u201347\u202f%<\/strong> delle preferenze. Herbert Dorfmann, con quasi <strong>80.000 voti di preferenza<\/strong> , \u00e8 risultato il candidato pi\u00f9 votato e rappresenta l\u2019unico eletto altoatesino al Parlamento europeo.<\/p>\n\n\n\n<figure class=\"wp-block-image aligncenter size-full\"><img loading=\"lazy\" decoding=\"async\" width=\"2166\" height=\"1014\" src=\"https:\/\/deinewahl.it\/wp-content\/uploads\/2025\/08\/Bildschirmfoto-2025-08-13-um-11.42.37.png\" alt=\"\" class=\"wp-image-2519\" srcset=\"https:\/\/deinewahl.it\/wp-content\/uploads\/2025\/08\/Bildschirmfoto-2025-08-13-um-11.42.37.png 1094w, https:\/\/deinewahl.it\/wp-content\/uploads\/2025\/08\/Bildschirmfoto-2025-08-13-um-11.42.37-300x139.png 300w, https:\/\/deinewahl.it\/wp-content\/uploads\/2025\/08\/Bildschirmfoto-2025-08-13-um-11.42.37-1024x474.png 1024w, https:\/\/deinewahl.it\/wp-content\/uploads\/2025\/08\/Bildschirmfoto-2025-08-13-um-11.42.37-768x355.png 768w, https:\/\/deinewahl.it\/wp-content\/uploads\/2025\/08\/Bildschirmfoto-2025-08-13-um-11.42.37-18x8.png 18w\" sizes=\"auto, (max-width: 2166px) 100vw, 2166px\" \/><\/figure>\n\n\n\n<div class=\"wp-block-buttons is-content-justification-center is-layout-flex wp-container-core-buttons-is-layout-1 wp-block-buttons-is-layout-flex\">\n<div class=\"wp-block-button\"><a class=\"wp-block-button__link has-custom-logo-blau-background-color has-background wp-element-button\" href=\"https:\/\/results.elections.europa.eu\/de\/italien\/index.html#country-results\">Vedi i risultati<\/a><\/div>\n<\/div>\n\n\n\n<h2 class=\"wp-block-heading has-text-align-left\">Iltuovoto.it ti ha tenuto aggiornato\/a!<br><\/h2>\n\n\n\n<p class=\"has-text-align-left\">\ud83d\udc49 <strong>Video con i\/le candidati\/e altoatesini\/e alle elezioni europee<\/strong><br>\ud83d\udc49 <strong>Quiz sull\u2019Unione Europea per mettere alla prova le proprie conoscenze<\/strong><br>\ud83d\udc49 <strong>Video informativi sull\u2019UE e sul funzionamento delle elezioni<\/strong><br>\ud83d\udc49 <strong>Puntata speciale del podcast Polit-Appdate<\/strong><\/p>\n\n\n\n<h3 class=\"wp-block-heading\">Video<\/h3>\n\n\n\n<p>Oltre alle informazioni generali, tutti i\/le candidati\/e dell\u2019Alto Adige alle elezioni europee sono stati invitati a partecipare a un quiz sull\u2019UE e a un\u2019intervista.<\/p>\n\n\n\n<p>Qui puoi rivedere i video:<\/p>\n\n\n\n<div class=\"wp-block-columns is-layout-flex wp-container-core-columns-is-layout-1 wp-block-columns-is-layout-flex\">\n<div class=\"wp-block-column is-layout-flow wp-block-column-is-layout-flow\">\n<figure class=\"wp-block-embed is-type-video is-provider-youtube wp-block-embed-youtube wp-embed-aspect-16-9 wp-has-aspect-ratio\"><div class=\"wp-block-embed__wrapper\">\n<iframe loading=\"lazy\" title=\"EU-Quiz mit Herbert Dorfmann, Brigitte Foppa und Paul K\u00f6llensperger | EU-Wahl 2024\" width=\"500\" height=\"281\" src=\"https:\/\/www.youtube.com\/embed\/cRdoWPC5-FM?start=3&#038;feature=oembed\" frameborder=\"0\" allow=\"accelerometer; autoplay; clipboard-write; encrypted-media; gyroscope; picture-in-picture; web-share\" referrerpolicy=\"strict-origin-when-cross-origin\" allowfullscreen><\/iframe>\n<\/div><\/figure>\n\n\n\n<p>Herbert Dorfmann, Brigitte Foppa und Paul K\u00f6llensperger treten im EU-Quiz gegeneinander an. Anschlie\u00dfend erkl\u00e4ren sie ihre Meinung zu verschiedenen Themen, die sowohl f\u00fcr junge Leute als auch f\u00fcr die EU im Allgemeinen relevant sind.<\/p>\n<\/div>\n\n\n\n<div class=\"wp-block-column is-layout-flow wp-block-column-is-layout-flow\">\n<figure class=\"wp-block-embed is-type-video is-provider-youtube wp-block-embed-youtube wp-embed-aspect-16-9 wp-has-aspect-ratio\"><div class=\"wp-block-embed__wrapper\">\n<iframe loading=\"lazy\" title=\"Quiz sull&#039;UE con Diego Nicolini e Luigi Gallo | Elezioni europee 2024\" width=\"500\" height=\"281\" src=\"https:\/\/www.youtube.com\/embed\/ONGcnGQBPfE?feature=oembed\" frameborder=\"0\" allow=\"accelerometer; autoplay; clipboard-write; encrypted-media; gyroscope; picture-in-picture; web-share\" referrerpolicy=\"strict-origin-when-cross-origin\" allowfullscreen><\/iframe>\n<\/div><\/figure>\n\n\n\n<p>Deigo Nicolini e Luigi Gallo si sfidano in un quiz sull\u2019UE. Successivamente spiegano la loro opinione su diversi temi rilevanti sia per i giovani che per l\u2019Unione Europea in generale.<\/p>\n<\/div>\n<\/div>\n\n\n\n<p>Inoltre sono stati prodotti tre ulteriori video informativi, tra cui una puntata speciale di BULLSHIT.<\/p>\n\n\n\n<div class=\"wp-block-columns is-layout-flex wp-container-core-columns-is-layout-2 wp-block-columns-is-layout-flex\">\n<div class=\"wp-block-column is-layout-flow wp-block-column-is-layout-flow\">\n<figure class=\"wp-block-embed is-type-video is-provider-youtube wp-block-embed-youtube wp-embed-aspect-16-9 wp-has-aspect-ratio\"><div class=\"wp-block-embed__wrapper\">\n<iframe loading=\"lazy\" title=\"Was hat die EU \u00fcberhaupt mit S\u00fcdtirol zu tun? | EU-Wahl 2024\" width=\"500\" height=\"281\" src=\"https:\/\/www.youtube.com\/embed\/oNx8giHajd8?feature=oembed\" frameborder=\"0\" allow=\"accelerometer; autoplay; clipboard-write; encrypted-media; gyroscope; picture-in-picture; web-share\" referrerpolicy=\"strict-origin-when-cross-origin\" allowfullscreen><\/iframe>\n<\/div><\/figure>\n\n\n\n<p>Friedl trifft Landeshauptmann Arno Kompatscher, EU-Parlamentarier Herbert Dorfmann und Direktorin der Abteilung Europa Martha G\u00e4rber und fragt sie was die EU \u00fcberhaupt mit uns in S\u00fcdtirol zu tun hat.<\/p>\n<\/div>\n\n\n\n<div class=\"wp-block-column is-layout-flow wp-block-column-is-layout-flow\">\n<figure class=\"wp-block-embed is-type-video is-provider-youtube wp-block-embed-youtube wp-embed-aspect-16-9 wp-has-aspect-ratio\"><div class=\"wp-block-embed__wrapper\">\n<iframe loading=\"lazy\" title=\"Wie funktioniert die EU-Wahl 2024?\" width=\"500\" height=\"281\" src=\"https:\/\/www.youtube.com\/embed\/a7vWgHH5tU8?feature=oembed\" frameborder=\"0\" allow=\"accelerometer; autoplay; clipboard-write; encrypted-media; gyroscope; picture-in-picture; web-share\" referrerpolicy=\"strict-origin-when-cross-origin\" allowfullscreen><\/iframe>\n<\/div><\/figure>\n\n\n\n<p>Noah erkl\u00e4rt in diesem Video wie die EU-Wahl funktioniert und was man bei der Wahl beachten muss. Es geht um Vorzugsstimmen, Wahlkreise, die 4%-H\u00fcrde und Minderheitenlisten.<\/p>\n<\/div>\n\n\n\n<div class=\"wp-block-column is-layout-flow wp-block-column-is-layout-flow\">\n<figure class=\"wp-block-embed is-type-video is-provider-youtube wp-block-embed-youtube wp-embed-aspect-16-9 wp-has-aspect-ratio\"><div class=\"wp-block-embed__wrapper\">\n<iframe loading=\"lazy\" title=\"Specialfolge BULLSHIT zur EU-Wahl mit Herbert Dorfmann, Brigitte Foppa &amp; Paul K\u00f6llensperger\" width=\"500\" height=\"281\" src=\"https:\/\/www.youtube.com\/embed\/7OSuLjKtals?feature=oembed\" frameborder=\"0\" allow=\"accelerometer; autoplay; clipboard-write; encrypted-media; gyroscope; picture-in-picture; web-share\" referrerpolicy=\"strict-origin-when-cross-origin\" allowfullscreen><\/iframe>\n<\/div><\/figure>\n\n\n\n<p>Eine Sonderfolge des Formats &#8222;Bullshit&#8220; in Zusammenarbeit mit den Machern von &#8222;S\u00fcdtiroler Blinddates&#8220;. Politiker*innen treffen auf junge Menschen, die sie bestimmt nicht w\u00e4hlen w\u00fcrden.<\/p>\n<\/div>\n<\/div>\n\n\n\n<h2 class=\"wp-block-heading\">Quiz-UE<\/h2>\n\n\n\n<div class=\"wp-block-columns is-layout-flex wp-container-core-columns-is-layout-3 wp-block-columns-is-layout-flex\">\n<div class=\"wp-block-column is-layout-flow wp-block-column-is-layout-flow\" style=\"flex-basis:33.33%\">\n<figure class=\"wp-block-image size-full\"><a href=\"https:\/\/take.quiz-maker.com\/QP4UWW7EW\"><img loading=\"lazy\" decoding=\"async\" width=\"1000\" height=\"1000\" src=\"https:\/\/deinewahl.it\/wp-content\/uploads\/2025\/08\/Deinewahl-EU.png\" alt=\"\" class=\"wp-image-2481\" srcset=\"https:\/\/deinewahl.it\/wp-content\/uploads\/2025\/08\/Deinewahl-EU.png 1000w, https:\/\/deinewahl.it\/wp-content\/uploads\/2025\/08\/Deinewahl-EU-300x300.png 300w, https:\/\/deinewahl.it\/wp-content\/uploads\/2025\/08\/Deinewahl-EU-150x150.png 150w, https:\/\/deinewahl.it\/wp-content\/uploads\/2025\/08\/Deinewahl-EU-768x768.png 768w, https:\/\/deinewahl.it\/wp-content\/uploads\/2025\/08\/Deinewahl-EU-12x12.png 12w\" sizes=\"auto, (max-width: 1000px) 100vw, 1000px\" \/><\/a><\/figure>\n<\/div>\n\n\n\n<div class=\"wp-block-column is-layout-flow wp-block-column-is-layout-flow\" style=\"flex-basis:66.66%\">\n<p>Vuoi informarti sulle elezioni europee 2024? Molto bene!<\/p>\n\n\n\n<p>Scopri prima cosa sai gi\u00e0! Con il <a href=\"https:\/\/take.quiz-maker.com\/QP4UWW7EW\"><strong>QUIZ UE!<\/strong><\/a><\/p>\n<\/div>\n<\/div>\n\n\n\n<h2 class=\"wp-block-heading\">Puntata speciale Polit-Appdate<\/h2>\n\n\n\n<p class=\"wp-embed-aspect-21-9 wp-has-aspect-ratio\">Per poter fare una scelta consapevole e autonoma \u00e8 importante confrontarsi con l\u2019UE e il progetto europeo.<br>Perci\u00f2 chiediamo: cos\u2019\u00e8 l\u2019UE e come funziona? Perch\u00e9 l\u2019Europa \u00e8 importante? Cosa significa l\u2019Europa per le persone?<\/p>\n\n\n\n<p class=\"wp-embed-aspect-21-9 wp-has-aspect-ratio\">Parliamo con studentesse della FOS di Merano, con l\u2019europarlamentare Herbert Dorfmann e con Martha G\u00e4rber della Ripartizione Europa.<\/p>\n\n\n\n<p>Ascoltarla vale la pena \u25b6\ufe0f (solo in lingua tedesca)<\/p>\n\n\n\n<figure class=\"wp-block-embed is-type-rich is-provider-spotify wp-block-embed-spotify wp-embed-aspect-21-9 wp-has-aspect-ratio\"><div class=\"wp-block-embed__wrapper\">\n<iframe title=\"Spotify Embed: Sonderfolge EU-Wahl - Was ist die EU und in welchem Europa wollen wir leben?\" style=\"border-radius: 12px\" width=\"100%\" height=\"152\" frameborder=\"0\" allowfullscreen allow=\"autoplay; clipboard-write; encrypted-media; fullscreen; picture-in-picture\" loading=\"lazy\" src=\"https:\/\/open.spotify.com\/embed\/episode\/5GKVjo8Z337Rdd8adB4y7U?utm_source=oembed\"><\/iframe>\n<\/div><\/figure>\n\n\n\n<h2 class=\"wp-block-heading\">Ulteriori informazioni<\/h2>\n\n\n\n<p>Informazioni generali erano disponibili sul sito iltuovoto.it.<\/p>\n\n\n\n<p>Anche sui social media \u00e8 stata garantita un\u2019ampia comunicazione sulle elezioni.\nSegui:<\/p>\n\n\n\n<p><\/p>\n\n\n\n<div class=\"wp-block-columns is-layout-flex wp-container-core-columns-is-layout-4 wp-block-columns-is-layout-flex\">\n<div class=\"wp-block-column is-layout-flow wp-block-column-is-layout-flow\">\n<p><strong>Youth App \u2b07\ufe0f<\/strong><\/p>\n\n\n\n<ul class=\"wp-block-social-links has-large-icon-size is-layout-flex wp-block-social-links-is-layout-flex\"><li class=\"wp-social-link wp-social-link-instagram  wp-block-social-link\"><a href=\"https:\/\/www.instagram.com\/youthapp_\/\" class=\"wp-block-social-link-anchor\"><svg width=\"24\" height=\"24\" viewbox=\"0 0 24 24\" version=\"1.1\" xmlns=\"http:\/\/www.w3.org\/2000\/svg\" aria-hidden=\"true\" focusable=\"false\"><path d=\"M12,4.622c2.403,0,2.688,0.009,3.637,0.052c0.877,0.04,1.354,0.187,1.671,0.31c0.42,0.163,0.72,0.358,1.035,0.673 c0.315,0.315,0.51,0.615,0.673,1.035c0.123,0.317,0.27,0.794,0.31,1.671c0.043,0.949,0.052,1.234,0.052,3.637 s-0.009,2.688-0.052,3.637c-0.04,0.877-0.187,1.354-0.31,1.671c-0.163,0.42-0.358,0.72-0.673,1.035 c-0.315,0.315-0.615,0.51-1.035,0.673c-0.317,0.123-0.794,0.27-1.671,0.31c-0.949,0.043-1.233,0.052-3.637,0.052 s-2.688-0.009-3.637-0.052c-0.877-0.04-1.354-0.187-1.671-0.31c-0.42-0.163-0.72-0.358-1.035-0.673 c-0.315-0.315-0.51-0.615-0.673-1.035c-0.123-0.317-0.27-0.794-0.31-1.671C4.631,14.688,4.622,14.403,4.622,12 s0.009-2.688,0.052-3.637c0.04-0.877,0.187-1.354,0.31-1.671c0.163-0.42,0.358-0.72,0.673-1.035 c0.315-0.315,0.615-0.51,1.035-0.673c0.317-0.123,0.794-0.27,1.671-0.31C9.312,4.631,9.597,4.622,12,4.622 M12,3 C9.556,3,9.249,3.01,8.289,3.054C7.331,3.098,6.677,3.25,6.105,3.472C5.513,3.702,5.011,4.01,4.511,4.511 c-0.5,0.5-0.808,1.002-1.038,1.594C3.25,6.677,3.098,7.331,3.054,8.289C3.01,9.249,3,9.556,3,12c0,2.444,0.01,2.751,0.054,3.711 c0.044,0.958,0.196,1.612,0.418,2.185c0.23,0.592,0.538,1.094,1.038,1.594c0.5,0.5,1.002,0.808,1.594,1.038 c0.572,0.222,1.227,0.375,2.185,0.418C9.249,20.99,9.556,21,12,21s2.751-0.01,3.711-0.054c0.958-0.044,1.612-0.196,2.185-0.418 c0.592-0.23,1.094-0.538,1.594-1.038c0.5-0.5,0.808-1.002,1.038-1.594c0.222-0.572,0.375-1.227,0.418-2.185 C20.99,14.751,21,14.444,21,12s-0.01-2.751-0.054-3.711c-0.044-0.958-0.196-1.612-0.418-2.185c-0.23-0.592-0.538-1.094-1.038-1.594 c-0.5-0.5-1.002-0.808-1.594-1.038c-0.572-0.222-1.227-0.375-2.185-0.418C14.751,3.01,14.444,3,12,3L12,3z M12,7.378 c-2.552,0-4.622,2.069-4.622,4.622S9.448,16.622,12,16.622s4.622-2.069,4.622-4.622S14.552,7.378,12,7.378z M12,15 c-1.657,0-3-1.343-3-3s1.343-3,3-3s3,1.343,3,3S13.657,15,12,15z M16.804,6.116c-0.596,0-1.08,0.484-1.08,1.08 s0.484,1.08,1.08,1.08c0.596,0,1.08-0.484,1.08-1.08S17.401,6.116,16.804,6.116z\"><\/path><\/svg><span class=\"wp-block-social-link-label screen-reader-text\">Instagram<\/span><\/a><\/li>\n\n<li class=\"wp-social-link wp-social-link-tiktok  wp-block-social-link\"><a href=\"https:\/\/www.tiktok.com\/@youthapp_?lang=de-DE\" class=\"wp-block-social-link-anchor\"><svg width=\"24\" height=\"24\" viewbox=\"0 0 32 32\" version=\"1.1\" xmlns=\"http:\/\/www.w3.org\/2000\/svg\" aria-hidden=\"true\" focusable=\"false\"><path d=\"M16.708 0.027c1.745-0.027 3.48-0.011 5.213-0.027 0.105 2.041 0.839 4.12 2.333 5.563 1.491 1.479 3.6 2.156 5.652 2.385v5.369c-1.923-0.063-3.855-0.463-5.6-1.291-0.76-0.344-1.468-0.787-2.161-1.24-0.009 3.896 0.016 7.787-0.025 11.667-0.104 1.864-0.719 3.719-1.803 5.255-1.744 2.557-4.771 4.224-7.88 4.276-1.907 0.109-3.812-0.411-5.437-1.369-2.693-1.588-4.588-4.495-4.864-7.615-0.032-0.667-0.043-1.333-0.016-1.984 0.24-2.537 1.495-4.964 3.443-6.615 2.208-1.923 5.301-2.839 8.197-2.297 0.027 1.975-0.052 3.948-0.052 5.923-1.323-0.428-2.869-0.308-4.025 0.495-0.844 0.547-1.485 1.385-1.819 2.333-0.276 0.676-0.197 1.427-0.181 2.145 0.317 2.188 2.421 4.027 4.667 3.828 1.489-0.016 2.916-0.88 3.692-2.145 0.251-0.443 0.532-0.896 0.547-1.417 0.131-2.385 0.079-4.76 0.095-7.145 0.011-5.375-0.016-10.735 0.025-16.093z\" \/><\/svg><span class=\"wp-block-social-link-label screen-reader-text\">TikTok<\/span><\/a><\/li>\n\n<li class=\"wp-social-link wp-social-link-youtube  wp-block-social-link\"><a href=\"https:\/\/www.youtube.com\/@deinewahl.it_iltuovoto\/videos\" class=\"wp-block-social-link-anchor\"><svg width=\"24\" height=\"24\" viewbox=\"0 0 24 24\" version=\"1.1\" xmlns=\"http:\/\/www.w3.org\/2000\/svg\" aria-hidden=\"true\" focusable=\"false\"><path d=\"M21.8,8.001c0,0-0.195-1.378-0.795-1.985c-0.76-0.797-1.613-0.801-2.004-0.847c-2.799-0.202-6.997-0.202-6.997-0.202 h-0.009c0,0-4.198,0-6.997,0.202C4.608,5.216,3.756,5.22,2.995,6.016C2.395,6.623,2.2,8.001,2.2,8.001S2,9.62,2,11.238v1.517 c0,1.618,0.2,3.237,0.2,3.237s0.195,1.378,0.795,1.985c0.761,0.797,1.76,0.771,2.205,0.855c1.6,0.153,6.8,0.201,6.8,0.201 s4.203-0.006,7.001-0.209c0.391-0.047,1.243-0.051,2.004-0.847c0.6-0.607,0.795-1.985,0.795-1.985s0.2-1.618,0.2-3.237v-1.517 C22,9.62,21.8,8.001,21.8,8.001z M9.935,14.594l-0.001-5.62l5.404,2.82L9.935,14.594z\"><\/path><\/svg><span class=\"wp-block-social-link-label screen-reader-text\">YouTube<\/span><\/a><\/li><\/ul>\n<\/div>\n\n\n\n<div class=\"wp-block-column is-layout-flow wp-block-column-is-layout-flow\">\n<p><strong>S\u00fcdtiroler Jugendring \u2b07\ufe0f<\/strong><\/p>\n\n\n\n<ul class=\"wp-block-social-links has-large-icon-size is-layout-flex wp-block-social-links-is-layout-flex\"><li class=\"wp-social-link wp-social-link-instagram  wp-block-social-link\"><a href=\"https:\/\/www.instagram.com\/suedtiroler_jugendring_sjr\/\" class=\"wp-block-social-link-anchor\"><svg width=\"24\" height=\"24\" viewbox=\"0 0 24 24\" version=\"1.1\" xmlns=\"http:\/\/www.w3.org\/2000\/svg\" aria-hidden=\"true\" focusable=\"false\"><path d=\"M12,4.622c2.403,0,2.688,0.009,3.637,0.052c0.877,0.04,1.354,0.187,1.671,0.31c0.42,0.163,0.72,0.358,1.035,0.673 c0.315,0.315,0.51,0.615,0.673,1.035c0.123,0.317,0.27,0.794,0.31,1.671c0.043,0.949,0.052,1.234,0.052,3.637 s-0.009,2.688-0.052,3.637c-0.04,0.877-0.187,1.354-0.31,1.671c-0.163,0.42-0.358,0.72-0.673,1.035 c-0.315,0.315-0.615,0.51-1.035,0.673c-0.317,0.123-0.794,0.27-1.671,0.31c-0.949,0.043-1.233,0.052-3.637,0.052 s-2.688-0.009-3.637-0.052c-0.877-0.04-1.354-0.187-1.671-0.31c-0.42-0.163-0.72-0.358-1.035-0.673 c-0.315-0.315-0.51-0.615-0.673-1.035c-0.123-0.317-0.27-0.794-0.31-1.671C4.631,14.688,4.622,14.403,4.622,12 s0.009-2.688,0.052-3.637c0.04-0.877,0.187-1.354,0.31-1.671c0.163-0.42,0.358-0.72,0.673-1.035 c0.315-0.315,0.615-0.51,1.035-0.673c0.317-0.123,0.794-0.27,1.671-0.31C9.312,4.631,9.597,4.622,12,4.622 M12,3 C9.556,3,9.249,3.01,8.289,3.054C7.331,3.098,6.677,3.25,6.105,3.472C5.513,3.702,5.011,4.01,4.511,4.511 c-0.5,0.5-0.808,1.002-1.038,1.594C3.25,6.677,3.098,7.331,3.054,8.289C3.01,9.249,3,9.556,3,12c0,2.444,0.01,2.751,0.054,3.711 c0.044,0.958,0.196,1.612,0.418,2.185c0.23,0.592,0.538,1.094,1.038,1.594c0.5,0.5,1.002,0.808,1.594,1.038 c0.572,0.222,1.227,0.375,2.185,0.418C9.249,20.99,9.556,21,12,21s2.751-0.01,3.711-0.054c0.958-0.044,1.612-0.196,2.185-0.418 c0.592-0.23,1.094-0.538,1.594-1.038c0.5-0.5,0.808-1.002,1.038-1.594c0.222-0.572,0.375-1.227,0.418-2.185 C20.99,14.751,21,14.444,21,12s-0.01-2.751-0.054-3.711c-0.044-0.958-0.196-1.612-0.418-2.185c-0.23-0.592-0.538-1.094-1.038-1.594 c-0.5-0.5-1.002-0.808-1.594-1.038c-0.572-0.222-1.227-0.375-2.185-0.418C14.751,3.01,14.444,3,12,3L12,3z M12,7.378 c-2.552,0-4.622,2.069-4.622,4.622S9.448,16.622,12,16.622s4.622-2.069,4.622-4.622S14.552,7.378,12,7.378z M12,15 c-1.657,0-3-1.343-3-3s1.343-3,3-3s3,1.343,3,3S13.657,15,12,15z M16.804,6.116c-0.596,0-1.08,0.484-1.08,1.08 s0.484,1.08,1.08,1.08c0.596,0,1.08-0.484,1.08-1.08S17.401,6.116,16.804,6.116z\"><\/path><\/svg><span class=\"wp-block-social-link-label screen-reader-text\">Instagram<\/span><\/a><\/li>\n\n<li class=\"wp-social-link wp-social-link-facebook  wp-block-social-link\"><a href=\"https:\/\/www.facebook.com\/suedtirolerjugendring\" class=\"wp-block-social-link-anchor\"><svg width=\"24\" height=\"24\" viewbox=\"0 0 24 24\" version=\"1.1\" xmlns=\"http:\/\/www.w3.org\/2000\/svg\" aria-hidden=\"true\" focusable=\"false\"><path d=\"M12 2C6.5 2 2 6.5 2 12c0 5 3.7 9.1 8.4 9.9v-7H7.9V12h2.5V9.8c0-2.5 1.5-3.9 3.8-3.9 1.1 0 2.2.2 2.2.2v2.5h-1.3c-1.2 0-1.6.8-1.6 1.6V12h2.8l-.4 2.9h-2.3v7C18.3 21.1 22 17 22 12c0-5.5-4.5-10-10-10z\"><\/path><\/svg><span class=\"wp-block-social-link-label screen-reader-text\">Facebook<\/span><\/a><\/li><\/ul>\n<\/div>\n\n\n\n<div class=\"wp-block-column is-layout-flow wp-block-column-is-layout-flow\">\n<p><strong>Polit-Appdate \u2b07\ufe0f<\/strong><\/p>\n\n\n\n<ul class=\"wp-block-social-links has-large-icon-size is-layout-flex wp-block-social-links-is-layout-flex\"><li class=\"wp-social-link wp-social-link-instagram  wp-block-social-link\"><a href=\"https:\/\/www.instagram.com\/polit_appdate\/\" class=\"wp-block-social-link-anchor\"><svg width=\"24\" height=\"24\" viewbox=\"0 0 24 24\" version=\"1.1\" xmlns=\"http:\/\/www.w3.org\/2000\/svg\" aria-hidden=\"true\" focusable=\"false\"><path d=\"M12,4.622c2.403,0,2.688,0.009,3.637,0.052c0.877,0.04,1.354,0.187,1.671,0.31c0.42,0.163,0.72,0.358,1.035,0.673 c0.315,0.315,0.51,0.615,0.673,1.035c0.123,0.317,0.27,0.794,0.31,1.671c0.043,0.949,0.052,1.234,0.052,3.637 s-0.009,2.688-0.052,3.637c-0.04,0.877-0.187,1.354-0.31,1.671c-0.163,0.42-0.358,0.72-0.673,1.035 c-0.315,0.315-0.615,0.51-1.035,0.673c-0.317,0.123-0.794,0.27-1.671,0.31c-0.949,0.043-1.233,0.052-3.637,0.052 s-2.688-0.009-3.637-0.052c-0.877-0.04-1.354-0.187-1.671-0.31c-0.42-0.163-0.72-0.358-1.035-0.673 c-0.315-0.315-0.51-0.615-0.673-1.035c-0.123-0.317-0.27-0.794-0.31-1.671C4.631,14.688,4.622,14.403,4.622,12 s0.009-2.688,0.052-3.637c0.04-0.877,0.187-1.354,0.31-1.671c0.163-0.42,0.358-0.72,0.673-1.035 c0.315-0.315,0.615-0.51,1.035-0.673c0.317-0.123,0.794-0.27,1.671-0.31C9.312,4.631,9.597,4.622,12,4.622 M12,3 C9.556,3,9.249,3.01,8.289,3.054C7.331,3.098,6.677,3.25,6.105,3.472C5.513,3.702,5.011,4.01,4.511,4.511 c-0.5,0.5-0.808,1.002-1.038,1.594C3.25,6.677,3.098,7.331,3.054,8.289C3.01,9.249,3,9.556,3,12c0,2.444,0.01,2.751,0.054,3.711 c0.044,0.958,0.196,1.612,0.418,2.185c0.23,0.592,0.538,1.094,1.038,1.594c0.5,0.5,1.002,0.808,1.594,1.038 c0.572,0.222,1.227,0.375,2.185,0.418C9.249,20.99,9.556,21,12,21s2.751-0.01,3.711-0.054c0.958-0.044,1.612-0.196,2.185-0.418 c0.592-0.23,1.094-0.538,1.594-1.038c0.5-0.5,0.808-1.002,1.038-1.594c0.222-0.572,0.375-1.227,0.418-2.185 C20.99,14.751,21,14.444,21,12s-0.01-2.751-0.054-3.711c-0.044-0.958-0.196-1.612-0.418-2.185c-0.23-0.592-0.538-1.094-1.038-1.594 c-0.5-0.5-1.002-0.808-1.594-1.038c-0.572-0.222-1.227-0.375-2.185-0.418C14.751,3.01,14.444,3,12,3L12,3z M12,7.378 c-2.552,0-4.622,2.069-4.622,4.622S9.448,16.622,12,16.622s4.622-2.069,4.622-4.622S14.552,7.378,12,7.378z M12,15 c-1.657,0-3-1.343-3-3s1.343-3,3-3s3,1.343,3,3S13.657,15,12,15z M16.804,6.116c-0.596,0-1.08,0.484-1.08,1.08 s0.484,1.08,1.08,1.08c0.596,0,1.08-0.484,1.08-1.08S17.401,6.116,16.804,6.116z\"><\/path><\/svg><span class=\"wp-block-social-link-label screen-reader-text\">Instagram<\/span><\/a><\/li>\n\n<li class=\"wp-social-link wp-social-link-tiktok  wp-block-social-link\"><a href=\"https:\/\/www.tiktok.com\/@politappdate?lang=de-DE\" class=\"wp-block-social-link-anchor\"><svg width=\"24\" height=\"24\" viewbox=\"0 0 32 32\" version=\"1.1\" xmlns=\"http:\/\/www.w3.org\/2000\/svg\" aria-hidden=\"true\" focusable=\"false\"><path d=\"M16.708 0.027c1.745-0.027 3.48-0.011 5.213-0.027 0.105 2.041 0.839 4.12 2.333 5.563 1.491 1.479 3.6 2.156 5.652 2.385v5.369c-1.923-0.063-3.855-0.463-5.6-1.291-0.76-0.344-1.468-0.787-2.161-1.24-0.009 3.896 0.016 7.787-0.025 11.667-0.104 1.864-0.719 3.719-1.803 5.255-1.744 2.557-4.771 4.224-7.88 4.276-1.907 0.109-3.812-0.411-5.437-1.369-2.693-1.588-4.588-4.495-4.864-7.615-0.032-0.667-0.043-1.333-0.016-1.984 0.24-2.537 1.495-4.964 3.443-6.615 2.208-1.923 5.301-2.839 8.197-2.297 0.027 1.975-0.052 3.948-0.052 5.923-1.323-0.428-2.869-0.308-4.025 0.495-0.844 0.547-1.485 1.385-1.819 2.333-0.276 0.676-0.197 1.427-0.181 2.145 0.317 2.188 2.421 4.027 4.667 3.828 1.489-0.016 2.916-0.88 3.692-2.145 0.251-0.443 0.532-0.896 0.547-1.417 0.131-2.385 0.079-4.76 0.095-7.145 0.011-5.375-0.016-10.735 0.025-16.093z\" \/><\/svg><span class=\"wp-block-social-link-label screen-reader-text\">TikTok<\/span><\/a><\/li><\/ul>\n<\/div>\n<\/div>\n\n\n\n<p><\/p>\n\n\n\n<p><\/p>","protected":false},"excerpt":{"rendered":"<p>Die Europawahl 2024 in Italien und damit auch in S\u00fcdtirol fand am 8. und 9. Juni 2024 statt und diente der Wahl von 76 italienischen der ingesamt 720 Abgeordneten f\u00fcr das Europ\u00e4ische Parlament. National waren die zentralen Themen Migration, Wirtschafts- und Sozialpolitik, sowie Italiens Rolle in der EU. Die Fratelli d\u2019Italia unter Giorgia Meloni erzielten [&hellip;]<\/p>","protected":false},"author":2,"featured_media":0,"parent":0,"menu_order":0,"comment_status":"closed","ping_status":"closed","template":"","meta":{"_themeisle_gutenberg_block_has_review":false,"footnotes":""},"class_list":["post-2480","page","type-page","status-publish","hentry"],"_links":{"self":[{"href":"https:\/\/deinewahl.it\/it\/wp-json\/wp\/v2\/pages\/2480","targetHints":{"allow":["GET"]}}],"collection":[{"href":"https:\/\/deinewahl.it\/it\/wp-json\/wp\/v2\/pages"}],"about":[{"href":"https:\/\/deinewahl.it\/it\/wp-json\/wp\/v2\/types\/page"}],"author":[{"embeddable":true,"href":"https:\/\/deinewahl.it\/it\/wp-json\/wp\/v2\/users\/2"}],"replies":[{"embeddable":true,"href":"https:\/\/deinewahl.it\/it\/wp-json\/wp\/v2\/comments?post=2480"}],"version-history":[{"count":10,"href":"https:\/\/deinewahl.it\/it\/wp-json\/wp\/v2\/pages\/2480\/revisions"}],"predecessor-version":[{"id":2530,"href":"https:\/\/deinewahl.it\/it\/wp-json\/wp\/v2\/pages\/2480\/revisions\/2530"}],"wp:attachment":[{"href":"https:\/\/deinewahl.it\/it\/wp-json\/wp\/v2\/media?parent=2480"}],"curies":[{"name":"wp","href":"https:\/\/api.w.org\/{rel}","templated":true}]}}