{"id":2542,"date":"2025-07-29T10:22:58","date_gmt":"2025-07-29T08:22:58","guid":{"rendered":"https:\/\/deinewahl.it\/?page_id=2542"},"modified":"2025-09-25T15:12:08","modified_gmt":"2025-09-25T13:12:08","slug":"ueber-uns","status":"publish","type":"page","link":"https:\/\/deinewahl.it\/it\/ueber-uns\/","title":{"rendered":"Chi siamo"},"content":{"rendered":"<h4 class=\"wp-block-heading has-text-align-center\"><em>Iltuovoto.it<\/em> \u00e8 una piattaforma informativa che aiuta i\/le giovani in Alto Adige a informarsi in modo semplice, chiaro e interattivo sulle elezioni politiche e sulle possibilit\u00e0 di partecipazione.<\/h4>\n\n\n\n<figure class=\"wp-block-image size-full\"><img loading=\"lazy\" decoding=\"async\" width=\"2880\" height=\"1920\" src=\"https:\/\/deinewahl.it\/wp-content\/uploads\/2025\/08\/Events-und-Allgemeine-Beitragsbilder-Julia-2.png\" alt=\"\" class=\"wp-image-2499\" srcset=\"https:\/\/deinewahl.it\/wp-content\/uploads\/2025\/08\/Events-und-Allgemeine-Beitragsbilder-Julia-2.png 1920w, https:\/\/deinewahl.it\/wp-content\/uploads\/2025\/08\/Events-und-Allgemeine-Beitragsbilder-Julia-2-300x200.png 300w, https:\/\/deinewahl.it\/wp-content\/uploads\/2025\/08\/Events-und-Allgemeine-Beitragsbilder-Julia-2-1024x683.png 1024w, https:\/\/deinewahl.it\/wp-content\/uploads\/2025\/08\/Events-und-Allgemeine-Beitragsbilder-Julia-2-768x512.png 768w, https:\/\/deinewahl.it\/wp-content\/uploads\/2025\/08\/Events-und-Allgemeine-Beitragsbilder-Julia-2-1536x1024.png 1536w, https:\/\/deinewahl.it\/wp-content\/uploads\/2025\/08\/Events-und-Allgemeine-Beitragsbilder-Julia-2-18x12.png 18w\" sizes=\"auto, (max-width: 2880px) 100vw, 2880px\" \/><\/figure>\n\n\n\n<p>L\u2019obiettivo \u00e8 quello di coinvolgere soprattutto chi vota per la prima volta e i \/le giovani adulti\/e, rendendo comprensibili i contesti politici e offrendo orientamento concreto per prendere decisioni di voto \u2013 in modo digitale, creativo e su un piano di parit\u00e0.<\/p>\n\n\n\n<h2 class=\"wp-block-heading\">Origine<\/h2>\n\n\n\n<p>Il progetto \u00e8 nato in occasione delle <strong>elezioni provinciali del 2023<\/strong>come iniziativa congiunta del S\u00fcdtiroler Jugendring e di Youth Info, con l\u2019intento di rivolgersi in particolare a chi votava per la prima volta, facilitandone l\u2019ingresso nella partecipazione politica. Da allora, <em>iltuovoto.it<\/em> \u00e8 stato sviluppato e ampliato in occasione di diverse elezioni \u2013 tra cui elezioni provinciali, comunali, europee e referendum.<\/p>\n\n\n\n<div id=\"wp-block-themeisle-blocks-timeline-5c7ae8fe\" class=\"wp-block-themeisle-blocks-timeline\"><div class=\"o-timeline-root\">\n<div id=\"wp-block-themeisle-blocks-timeline-item-fb6eb968\" class=\"wp-block-themeisle-blocks-timeline-item\"><div class=\"o-timeline-container\"><div class=\"o-timeline-icon\"><i class=\"fas fa-circle\"><\/i><\/div><div class=\"o-timeline-content\">\n<p class=\"has-small-font-size\">22 ottobre 2023<\/p>\n\n\n\n<h3 class=\"wp-block-heading\">Elezioni provinciali<\/h3>\n\n\n\n<div class=\"wp-block-buttons is-layout-flex wp-block-buttons-is-layout-flex\">\n<div class=\"wp-block-button\"><a class=\"wp-block-button__link has-custom-logo-blau-background-color has-background wp-element-button\" href=\"https:\/\/deinewahl.it\/it\/landtagswahlen2023\/\">maggiori informazioni<\/a><\/div>\n<\/div>\n<\/div><\/div><\/div>\n\n\n\n<div id=\"wp-block-themeisle-blocks-timeline-item-f678ed1f\" class=\"wp-block-themeisle-blocks-timeline-item\"><div class=\"o-timeline-container\"><div class=\"o-timeline-icon\"><i class=\"fas fa-circle\"><\/i><\/div><div class=\"o-timeline-content\">\n<p class=\"has-small-font-size\">08 e 09 giugno 2024<\/p>\n\n\n\n<h3 class=\"wp-block-heading\">Elezioni europee<\/h3>\n\n\n\n<div class=\"wp-block-buttons is-layout-flex wp-block-buttons-is-layout-flex\">\n<div class=\"wp-block-button\"><a class=\"wp-block-button__link has-custom-logo-blau-background-color has-background wp-element-button\" href=\"https:\/\/deinewahl.it\/it\/eu-wahl-2024\/\">maggiori informazioni<\/a><\/div>\n<\/div>\n<\/div><\/div><\/div>\n\n\n\n<div id=\"wp-block-themeisle-blocks-timeline-item-beeaa823\" class=\"wp-block-themeisle-blocks-timeline-item\"><div class=\"o-timeline-container\"><div class=\"o-timeline-icon\"><i class=\"fas fa-circle\"><\/i><\/div><div class=\"o-timeline-content\">\n<p class=\"has-small-font-size\">04 maggio 2025<\/p>\n\n\n\n<h3 class=\"wp-block-heading\">elezioni comunali<\/h3>\n\n\n\n<div class=\"wp-block-buttons is-layout-flex wp-block-buttons-is-layout-flex\">\n<div class=\"wp-block-button\"><a class=\"wp-block-button__link has-custom-logo-blau-background-color has-background wp-element-button\" href=\"https:\/\/deinewahl.it\/it\/startseite-gemeindewahl-2025\/\">maggiori informazioni<\/a><\/div>\n<\/div>\n<\/div><\/div><\/div>\n\n\n\n<div id=\"wp-block-themeisle-blocks-timeline-item-9b1b000c\" class=\"wp-block-themeisle-blocks-timeline-item\"><div class=\"o-timeline-container\"><div class=\"o-timeline-icon\"><i class=\"fas fa-circle\"><\/i><\/div><div class=\"o-timeline-content\">\n<p class=\"has-small-font-size\">08 e 09 giugno 2025<\/p>\n\n\n\n<h3 class=\"wp-block-heading\">Referendum<\/h3>\n\n\n\n<div class=\"wp-block-buttons is-layout-flex wp-block-buttons-is-layout-flex\">\n<div class=\"wp-block-button\"><a class=\"wp-block-button__link has-custom-logo-blau-background-color has-background wp-element-button\" href=\"https:\/\/deinewahl.it\/it\/startseite-referendum\/\">maggiori informazioni<\/a><\/div>\n<\/div>\n<\/div><\/div><\/div>\n<\/div><\/div>\n\n\n\n<p>Nel tempo sono stati creati diversi contenuti interattivi, digitali, analogici:<\/p>\n\n\n\n<ul class=\"wp-block-list\">\n<li><strong>video esplicativi<\/strong> con candidati\/e ed esperti\/e<\/li>\n\n\n\n<li>un <strong>podcast<\/strong> su temi politici attuali<\/li>\n\n\n\n<li><strong>uno strumento online<\/strong>per confrontare le proprie opinioni con quelle dei partiti<\/li>\n\n\n\n<li><strong>Elezioni ombra<\/strong> per giovani sotto i 18 anni<\/li>\n\n\n\n<li><strong>workshop<\/strong>, eventi e iniziative di partecipazione in tutto il territorio<\/li>\n<\/ul>\n\n\n\n<h2 class=\"wp-block-heading\">Le organizzazioni promotrici<\/h2>\n\n\n\n<div class=\"wp-block-columns is-layout-flex wp-container-core-columns-is-layout-1 wp-block-columns-is-layout-flex\">\n<div class=\"wp-block-column is-layout-flow wp-block-column-is-layout-flow\" style=\"flex-basis:33.33%\">\n<figure class=\"wp-block-image aligncenter size-large\"><img loading=\"lazy\" decoding=\"async\" width=\"1024\" height=\"174\" src=\"https:\/\/deinewahl.it\/wp-content\/uploads\/2025\/02\/SJR-weiss-transparent-1024x174.png\" alt=\"\" class=\"wp-image-1100\" srcset=\"https:\/\/deinewahl.it\/wp-content\/uploads\/2025\/02\/SJR-weiss-transparent-1024x174.png 1024w, https:\/\/deinewahl.it\/wp-content\/uploads\/2025\/02\/SJR-weiss-transparent-300x51.png 300w, https:\/\/deinewahl.it\/wp-content\/uploads\/2025\/02\/SJR-weiss-transparent-768x131.png 768w, https:\/\/deinewahl.it\/wp-content\/uploads\/2025\/02\/SJR-weiss-transparent-1536x261.png 1536w, https:\/\/deinewahl.it\/wp-content\/uploads\/2025\/02\/SJR-weiss-transparent-2048x349.png 2048w\" sizes=\"auto, (max-width: 1024px) 100vw, 1024px\" \/><\/figure>\n\n\n\n<div class=\"wp-block-buttons is-content-justification-center is-layout-flex wp-container-core-buttons-is-layout-5 wp-block-buttons-is-layout-flex\">\n<div class=\"wp-block-button\"><a class=\"wp-block-button__link has-custom-logo-blau-background-color has-background wp-element-button\" href=\"https:\/\/www.jugendring.it\/?fbclid=IwY2xjawL1YqRleHRuA2FlbQIxMABicmlkETFjVGVtZ0RkSUVsWkxsMHhTAR4OoAQeKXVOzfqHsHwQ4Q1RfBA-9F0YWuV2HX67kgpX0hwI5dNkYe3vS0viNQ_aem_iAGEpkKZVRaBKktzw0GPbQ\">Sito web<\/a><\/div>\n<\/div>\n\n\n\n<ul class=\"wp-block-social-links is-content-justification-center is-layout-flex wp-container-core-social-links-is-layout-1 wp-block-social-links-is-layout-flex\"><li class=\"wp-social-link wp-social-link-instagram  wp-block-social-link\"><a href=\"https:\/\/www.instagram.com\/suedtiroler_jugendring_sjr\/\" class=\"wp-block-social-link-anchor\"><svg width=\"24\" height=\"24\" viewbox=\"0 0 24 24\" version=\"1.1\" xmlns=\"http:\/\/www.w3.org\/2000\/svg\" aria-hidden=\"true\" focusable=\"false\"><path d=\"M12,4.622c2.403,0,2.688,0.009,3.637,0.052c0.877,0.04,1.354,0.187,1.671,0.31c0.42,0.163,0.72,0.358,1.035,0.673 c0.315,0.315,0.51,0.615,0.673,1.035c0.123,0.317,0.27,0.794,0.31,1.671c0.043,0.949,0.052,1.234,0.052,3.637 s-0.009,2.688-0.052,3.637c-0.04,0.877-0.187,1.354-0.31,1.671c-0.163,0.42-0.358,0.72-0.673,1.035 c-0.315,0.315-0.615,0.51-1.035,0.673c-0.317,0.123-0.794,0.27-1.671,0.31c-0.949,0.043-1.233,0.052-3.637,0.052 s-2.688-0.009-3.637-0.052c-0.877-0.04-1.354-0.187-1.671-0.31c-0.42-0.163-0.72-0.358-1.035-0.673 c-0.315-0.315-0.51-0.615-0.673-1.035c-0.123-0.317-0.27-0.794-0.31-1.671C4.631,14.688,4.622,14.403,4.622,12 s0.009-2.688,0.052-3.637c0.04-0.877,0.187-1.354,0.31-1.671c0.163-0.42,0.358-0.72,0.673-1.035 c0.315-0.315,0.615-0.51,1.035-0.673c0.317-0.123,0.794-0.27,1.671-0.31C9.312,4.631,9.597,4.622,12,4.622 M12,3 C9.556,3,9.249,3.01,8.289,3.054C7.331,3.098,6.677,3.25,6.105,3.472C5.513,3.702,5.011,4.01,4.511,4.511 c-0.5,0.5-0.808,1.002-1.038,1.594C3.25,6.677,3.098,7.331,3.054,8.289C3.01,9.249,3,9.556,3,12c0,2.444,0.01,2.751,0.054,3.711 c0.044,0.958,0.196,1.612,0.418,2.185c0.23,0.592,0.538,1.094,1.038,1.594c0.5,0.5,1.002,0.808,1.594,1.038 c0.572,0.222,1.227,0.375,2.185,0.418C9.249,20.99,9.556,21,12,21s2.751-0.01,3.711-0.054c0.958-0.044,1.612-0.196,2.185-0.418 c0.592-0.23,1.094-0.538,1.594-1.038c0.5-0.5,0.808-1.002,1.038-1.594c0.222-0.572,0.375-1.227,0.418-2.185 C20.99,14.751,21,14.444,21,12s-0.01-2.751-0.054-3.711c-0.044-0.958-0.196-1.612-0.418-2.185c-0.23-0.592-0.538-1.094-1.038-1.594 c-0.5-0.5-1.002-0.808-1.594-1.038c-0.572-0.222-1.227-0.375-2.185-0.418C14.751,3.01,14.444,3,12,3L12,3z M12,7.378 c-2.552,0-4.622,2.069-4.622,4.622S9.448,16.622,12,16.622s4.622-2.069,4.622-4.622S14.552,7.378,12,7.378z M12,15 c-1.657,0-3-1.343-3-3s1.343-3,3-3s3,1.343,3,3S13.657,15,12,15z M16.804,6.116c-0.596,0-1.08,0.484-1.08,1.08 s0.484,1.08,1.08,1.08c0.596,0,1.08-0.484,1.08-1.08S17.401,6.116,16.804,6.116z\"><\/path><\/svg><span class=\"wp-block-social-link-label screen-reader-text\">Instagram<\/span><\/a><\/li>\n\n<li class=\"wp-social-link wp-social-link-facebook  wp-block-social-link\"><a href=\"https:\/\/www.facebook.com\/suedtirolerjugendring\" class=\"wp-block-social-link-anchor\"><svg width=\"24\" height=\"24\" viewbox=\"0 0 24 24\" version=\"1.1\" xmlns=\"http:\/\/www.w3.org\/2000\/svg\" aria-hidden=\"true\" focusable=\"false\"><path d=\"M12 2C6.5 2 2 6.5 2 12c0 5 3.7 9.1 8.4 9.9v-7H7.9V12h2.5V9.8c0-2.5 1.5-3.9 3.8-3.9 1.1 0 2.2.2 2.2.2v2.5h-1.3c-1.2 0-1.6.8-1.6 1.6V12h2.8l-.4 2.9h-2.3v7C18.3 21.1 22 17 22 12c0-5.5-4.5-10-10-10z\"><\/path><\/svg><span class=\"wp-block-social-link-label screen-reader-text\">Facebook<\/span><\/a><\/li><\/ul>\n<\/div>\n\n\n\n<div class=\"wp-block-column is-layout-flow wp-block-column-is-layout-flow\" style=\"flex-basis:66.66%\">\n<h4 class=\"wp-block-heading\">Der S\u00fcdtiroler Jugendring (SJR)<\/h4>\n\n\n\n<p>\u00e8 la federazione delle associazioni giovanili in Alto Adige e promuove il volontariato e la socializzazione dei bambini e dei giovani, sensibilizza su questioni rilevanti concernenti i bambini e i giovani, promuove e richiede la partecipazione di bambini e giovani, promuove i processi democratici, sostiene la diversit\u00e0 culturale, \u00e8 impegnato nello sviluppo delle organizzazioni associate in termini di sviluppo di qualit\u00e0, si impegna per la cooperazione e gestisce la consulenza giovanile \u201cYoung+Direct. Attualmente sono 14 le organizzazioni che compongono il SJR.<\/p>\n\n\n\n<p>Il SJR si considera un\u2019organizzazione che apprende e che \u00e8 in continua evoluzione, una forza trainante per gli sviluppi necessari nella societ\u00e0, un centro di competenza per la partecipazione, portavoce delle preoccupazioni e delle esigenze di bambini e giovani, il sistema includente e di collegamento per le organizzazioni associate indipendenti, che si sono dedicate in modo vincolante a lavorare per i bambini e i giovani, costruttore di ponti tra le generazioni, tra lingue e gruppi etnici, tra culture e religioni e tra le istituzioni pubbliche e della societ\u00e0. Si \u00e8 fatto promotore di molte iniziative di politica sociale ed \u00e8 referente politico a livello provinciale delle questioni inerenti al mondo giovanile. Il suo operato \u00e8 indipendente dai partiti politici.<\/p>\n\n\n\n<p><\/p>\n<\/div>\n<\/div>\n\n\n\n<div class=\"wp-block-columns is-layout-flex wp-container-core-columns-is-layout-2 wp-block-columns-is-layout-flex\">\n<div class=\"wp-block-column is-layout-flow wp-block-column-is-layout-flow\" style=\"flex-basis:33.33%\">\n<figure class=\"wp-block-image aligncenter size-large\"><img loading=\"lazy\" decoding=\"async\" width=\"1024\" height=\"724\" src=\"https:\/\/deinewahl.it\/wp-content\/uploads\/2025\/02\/youth-big-1024x724.png\" alt=\"\" class=\"wp-image-1107\" srcset=\"https:\/\/deinewahl.it\/wp-content\/uploads\/2025\/02\/youth-big-1024x724.png 1024w, https:\/\/deinewahl.it\/wp-content\/uploads\/2025\/02\/youth-big-300x212.png 300w, https:\/\/deinewahl.it\/wp-content\/uploads\/2025\/02\/youth-big-768x543.png 768w, https:\/\/deinewahl.it\/wp-content\/uploads\/2025\/02\/youth-big.png 1191w\" sizes=\"auto, (max-width: 1024px) 100vw, 1024px\" \/><\/figure>\n\n\n\n<div class=\"wp-block-buttons is-content-justification-center is-layout-flex wp-container-core-buttons-is-layout-6 wp-block-buttons-is-layout-flex\">\n<div class=\"wp-block-button\"><a class=\"wp-block-button__link has-custom-logo-blau-background-color has-background wp-element-button\" href=\"https:\/\/www.youth-info.it\/\">Sito web<\/a><\/div>\n<\/div>\n\n\n\n<ul class=\"wp-block-social-links is-content-justification-center is-layout-flex wp-container-core-social-links-is-layout-2 wp-block-social-links-is-layout-flex\"><li class=\"wp-social-link wp-social-link-instagram  wp-block-social-link\"><a href=\"https:\/\/www.instagram.com\/youthapp_\/\" class=\"wp-block-social-link-anchor\"><svg width=\"24\" height=\"24\" viewbox=\"0 0 24 24\" version=\"1.1\" xmlns=\"http:\/\/www.w3.org\/2000\/svg\" aria-hidden=\"true\" focusable=\"false\"><path d=\"M12,4.622c2.403,0,2.688,0.009,3.637,0.052c0.877,0.04,1.354,0.187,1.671,0.31c0.42,0.163,0.72,0.358,1.035,0.673 c0.315,0.315,0.51,0.615,0.673,1.035c0.123,0.317,0.27,0.794,0.31,1.671c0.043,0.949,0.052,1.234,0.052,3.637 s-0.009,2.688-0.052,3.637c-0.04,0.877-0.187,1.354-0.31,1.671c-0.163,0.42-0.358,0.72-0.673,1.035 c-0.315,0.315-0.615,0.51-1.035,0.673c-0.317,0.123-0.794,0.27-1.671,0.31c-0.949,0.043-1.233,0.052-3.637,0.052 s-2.688-0.009-3.637-0.052c-0.877-0.04-1.354-0.187-1.671-0.31c-0.42-0.163-0.72-0.358-1.035-0.673 c-0.315-0.315-0.51-0.615-0.673-1.035c-0.123-0.317-0.27-0.794-0.31-1.671C4.631,14.688,4.622,14.403,4.622,12 s0.009-2.688,0.052-3.637c0.04-0.877,0.187-1.354,0.31-1.671c0.163-0.42,0.358-0.72,0.673-1.035 c0.315-0.315,0.615-0.51,1.035-0.673c0.317-0.123,0.794-0.27,1.671-0.31C9.312,4.631,9.597,4.622,12,4.622 M12,3 C9.556,3,9.249,3.01,8.289,3.054C7.331,3.098,6.677,3.25,6.105,3.472C5.513,3.702,5.011,4.01,4.511,4.511 c-0.5,0.5-0.808,1.002-1.038,1.594C3.25,6.677,3.098,7.331,3.054,8.289C3.01,9.249,3,9.556,3,12c0,2.444,0.01,2.751,0.054,3.711 c0.044,0.958,0.196,1.612,0.418,2.185c0.23,0.592,0.538,1.094,1.038,1.594c0.5,0.5,1.002,0.808,1.594,1.038 c0.572,0.222,1.227,0.375,2.185,0.418C9.249,20.99,9.556,21,12,21s2.751-0.01,3.711-0.054c0.958-0.044,1.612-0.196,2.185-0.418 c0.592-0.23,1.094-0.538,1.594-1.038c0.5-0.5,0.808-1.002,1.038-1.594c0.222-0.572,0.375-1.227,0.418-2.185 C20.99,14.751,21,14.444,21,12s-0.01-2.751-0.054-3.711c-0.044-0.958-0.196-1.612-0.418-2.185c-0.23-0.592-0.538-1.094-1.038-1.594 c-0.5-0.5-1.002-0.808-1.594-1.038c-0.572-0.222-1.227-0.375-2.185-0.418C14.751,3.01,14.444,3,12,3L12,3z M12,7.378 c-2.552,0-4.622,2.069-4.622,4.622S9.448,16.622,12,16.622s4.622-2.069,4.622-4.622S14.552,7.378,12,7.378z M12,15 c-1.657,0-3-1.343-3-3s1.343-3,3-3s3,1.343,3,3S13.657,15,12,15z M16.804,6.116c-0.596,0-1.08,0.484-1.08,1.08 s0.484,1.08,1.08,1.08c0.596,0,1.08-0.484,1.08-1.08S17.401,6.116,16.804,6.116z\"><\/path><\/svg><span class=\"wp-block-social-link-label screen-reader-text\">Instagram<\/span><\/a><\/li>\n\n<li class=\"wp-social-link wp-social-link-tiktok  wp-block-social-link\"><a href=\"https:\/\/www.tiktok.com\/@youthapp_\" class=\"wp-block-social-link-anchor\"><svg width=\"24\" height=\"24\" viewbox=\"0 0 32 32\" version=\"1.1\" xmlns=\"http:\/\/www.w3.org\/2000\/svg\" aria-hidden=\"true\" focusable=\"false\"><path d=\"M16.708 0.027c1.745-0.027 3.48-0.011 5.213-0.027 0.105 2.041 0.839 4.12 2.333 5.563 1.491 1.479 3.6 2.156 5.652 2.385v5.369c-1.923-0.063-3.855-0.463-5.6-1.291-0.76-0.344-1.468-0.787-2.161-1.24-0.009 3.896 0.016 7.787-0.025 11.667-0.104 1.864-0.719 3.719-1.803 5.255-1.744 2.557-4.771 4.224-7.88 4.276-1.907 0.109-3.812-0.411-5.437-1.369-2.693-1.588-4.588-4.495-4.864-7.615-0.032-0.667-0.043-1.333-0.016-1.984 0.24-2.537 1.495-4.964 3.443-6.615 2.208-1.923 5.301-2.839 8.197-2.297 0.027 1.975-0.052 3.948-0.052 5.923-1.323-0.428-2.869-0.308-4.025 0.495-0.844 0.547-1.485 1.385-1.819 2.333-0.276 0.676-0.197 1.427-0.181 2.145 0.317 2.188 2.421 4.027 4.667 3.828 1.489-0.016 2.916-0.88 3.692-2.145 0.251-0.443 0.532-0.896 0.547-1.417 0.131-2.385 0.079-4.76 0.095-7.145 0.011-5.375-0.016-10.735 0.025-16.093z\" \/><\/svg><span class=\"wp-block-social-link-label screen-reader-text\">TikTok<\/span><\/a><\/li>\n\n<li class=\"wp-social-link wp-social-link-youtube  wp-block-social-link\"><a href=\"https:\/\/www.youtube.com\/@youthapp_southtyrol\" class=\"wp-block-social-link-anchor\"><svg width=\"24\" height=\"24\" viewbox=\"0 0 24 24\" version=\"1.1\" xmlns=\"http:\/\/www.w3.org\/2000\/svg\" aria-hidden=\"true\" focusable=\"false\"><path d=\"M21.8,8.001c0,0-0.195-1.378-0.795-1.985c-0.76-0.797-1.613-0.801-2.004-0.847c-2.799-0.202-6.997-0.202-6.997-0.202 h-0.009c0,0-4.198,0-6.997,0.202C4.608,5.216,3.756,5.22,2.995,6.016C2.395,6.623,2.2,8.001,2.2,8.001S2,9.62,2,11.238v1.517 c0,1.618,0.2,3.237,0.2,3.237s0.195,1.378,0.795,1.985c0.761,0.797,1.76,0.771,2.205,0.855c1.6,0.153,6.8,0.201,6.8,0.201 s4.203-0.006,7.001-0.209c0.391-0.047,1.243-0.051,2.004-0.847c0.6-0.607,0.795-1.985,0.795-1.985s0.2-1.618,0.2-3.237v-1.517 C22,9.62,21.8,8.001,21.8,8.001z M9.935,14.594l-0.001-5.62l5.404,2.82L9.935,14.594z\"><\/path><\/svg><span class=\"wp-block-social-link-label screen-reader-text\">YouTube<\/span><\/a><\/li><\/ul>\n<\/div>\n\n\n\n<div class=\"wp-block-column is-layout-flow wp-block-column-is-layout-flow\" style=\"flex-basis:66.66%\">\n<h4 class=\"wp-block-heading\">Youth Info<\/h4>\n\n\n\n<p>\u00e8 il principale ufficio di informazione per i giovani dell'Alto Adige. Fornisce ai giovani e ai giovani adulti informazioni rilevanti e aggiornate in modo accessibile.<\/p>\n\n\n\n<p>Youth Info si \u00e8 posto l'obiettivo di raggiungere i giovani altoatesini con argomenti rilevanti per i giovani. Ci\u00f2 avviene attraverso diversi canali e prodotti.<\/p>\n\n\n\n<p>Una componente fondamentale \u00e8 la Youth App. La Youth App contiene informazioni relative agli eventi, al mercato del lavoro, alle attivit\u00e0 del tempo libero, alle opportunit\u00e0 di formazione, ai punti di riferimento per diverse questioni e una sezione \u201cHow To\u201d, che contiene articoli utili su temi quali la dichiarazione dei redditi, i viaggi e la patente di guida. La Youth App \u00e8 bilingue, \u00e8 stata messa online il 20 maggio 2022 e da allora rappresenta una parte importante dell'informazione giovanile in Alto Adige.<\/p>\n\n\n\n<p>Youth Info fornisce informazioni anche attraverso schermi informativi che si trovano in varie localit\u00e0 dell'Alto Adige, online attraverso formati video specifici e contenuti per i social media e attraverso progetti dedicati come deinewahl.it | iltuovoto.it in collaborazione con il S\u00fcdtiroler Jugendring.<\/p>\n\n\n\n<p>Youth Info si considera parte di un'ampia rete di informazione giovanile in Alto Adige e collabora con diversi esperti e centri specializzati per fornire ai giovani informazioni affidabili. &nbsp;<\/p>\n\n\n\n<p><\/p>\n<\/div>\n<\/div>","protected":false},"excerpt":{"rendered":"<p>Deinewahl.it ist eine Informationsplattform, die jungen Menschen in S\u00fcdtirol dabei hilft, sich einfach, verst\u00e4ndlich und interaktiv \u00fcber politische Wahlen und Beteiligungsm\u00f6glichkeiten zu informieren. Das Ziel ist es, vor allem Erstw\u00e4hler*innen und junge Erwachsene f\u00fcr politische Themen zu begeistern, Hintergr\u00fcnde verst\u00e4ndlich aufzubereiten und konkrete Orientierungshilfen zur Wahlentscheidung zu bieten \u2013 digital, kreativ und auf Augenh\u00f6he. Entstehung [&hellip;]<\/p>","protected":false},"author":2,"featured_media":0,"parent":0,"menu_order":0,"comment_status":"closed","ping_status":"closed","template":"","meta":{"_themeisle_gutenberg_block_has_review":false,"footnotes":""},"class_list":["post-2542","page","type-page","status-publish","hentry"],"_links":{"self":[{"href":"https:\/\/deinewahl.it\/it\/wp-json\/wp\/v2\/pages\/2542","targetHints":{"allow":["GET"]}}],"collection":[{"href":"https:\/\/deinewahl.it\/it\/wp-json\/wp\/v2\/pages"}],"about":[{"href":"https:\/\/deinewahl.it\/it\/wp-json\/wp\/v2\/types\/page"}],"author":[{"embeddable":true,"href":"https:\/\/deinewahl.it\/it\/wp-json\/wp\/v2\/users\/2"}],"replies":[{"embeddable":true,"href":"https:\/\/deinewahl.it\/it\/wp-json\/wp\/v2\/comments?post=2542"}],"version-history":[{"count":5,"href":"https:\/\/deinewahl.it\/it\/wp-json\/wp\/v2\/pages\/2542\/revisions"}],"predecessor-version":[{"id":2566,"href":"https:\/\/deinewahl.it\/it\/wp-json\/wp\/v2\/pages\/2542\/revisions\/2566"}],"wp:attachment":[{"href":"https:\/\/deinewahl.it\/it\/wp-json\/wp\/v2\/media?parent=2542"}],"curies":[{"name":"wp","href":"https:\/\/api.w.org\/{rel}","templated":true}]}}